{"id":17071,"date":"2025-10-10T18:40:09","date_gmt":"2025-10-10T17:40:09","guid":{"rendered":"https:\/\/www.labrador-transparency.com\/?page_id=17071"},"modified":"2026-03-10T09:24:04","modified_gmt":"2026-03-10T08:24:04","slug":"criteres-transparency-awards","status":"publish","type":"page","link":"https:\/\/www.labrador-transparency.com\/fr\/criteres-transparency-awards\/","title":{"rendered":"Crit\u00e8res des Transparency Awards"},"content":{"rendered":"\t\t<div data-elementor-type=\"wp-page\" data-elementor-id=\"17071\" class=\"elementor elementor-17071\" data-elementor-post-type=\"page\">\n\t\t\t\t<div class=\"elementor-element elementor-element-6855028 e-flex e-con-boxed e-con e-parent\" data-id=\"6855028\" data-element_type=\"container\" data-e-type=\"container\">\n\t\t\t\t\t<div class=\"e-con-inner\">\n\t\t\t\t<div class=\"elementor-element elementor-element-1ef3938 elementor-widget elementor-widget-spacer\" data-id=\"1ef3938\" data-element_type=\"widget\" data-e-type=\"widget\" data-widget_type=\"spacer.default\">\n\t\t\t\t\t\t\t<div class=\"elementor-spacer\">\n\t\t\t<div class=\"elementor-spacer-inner\"><\/div>\n\t\t<\/div>\n\t\t\t\t\t\t<\/div>\n\t\t\t\t<div class=\"elementor-element elementor-element-20309d9 elementor-widget__width-inherit elementor-widget elementor-widget-icon-box\" data-id=\"20309d9\" data-element_type=\"widget\" data-e-type=\"widget\" data-widget_type=\"icon-box.default\">\n\t\t\t\t\t\t\t<div class=\"elementor-icon-box-wrapper\">\n\n\t\t\t\n\t\t\t\t\t\t<div class=\"elementor-icon-box-content\">\n\n\t\t\t\t\t\t\t\t\t<h1 class=\"elementor-icon-box-title\">\n\t\t\t\t\t\t<span  >\n\t\t\t\t\t\t\tCrit\u00e8res des Transparency Awards\t\t\t\t\t\t<\/span>\n\t\t\t\t\t<\/h1>\n\t\t\t\t\n\t\t\t\t\t\t\t\t\t<p class=\"elementor-icon-box-description\">\n\t\t\t\t\t\tLe r\u00e9f\u00e9rentiel pour \u00e9valuer la qualit\u00e9 de l\u2019information d'entreprise\t\t\t\t\t<\/p>\n\t\t\t\t\n\t\t\t<\/div>\n\t\t\t\n\t\t<\/div>\n\t\t\t\t\t\t<\/div>\n\t\t\t\t<div class=\"elementor-element elementor-element-3ce401c elementor-widget elementor-widget-text-editor\" data-id=\"3ce401c\" data-element_type=\"widget\" data-e-type=\"widget\" data-widget_type=\"text-editor.default\">\n\t\t\t\t\t\t\t\t\t<p><strong>Chaque ann\u00e9e, les Transparency Awards \u00e9valuent plus de 450 supports publi\u00e9s par les soci\u00e9t\u00e9s du SBF 120, \u00e0 partir d\u2019une m\u00e9thodologie fond\u00e9e sur plus de 350 crit\u00e8res objectifs.<\/strong> Ils sont devenus un rep\u00e8re pour mesurer la Transparence des entreprises fran\u00e7aises.<\/p><p>Ces crit\u00e8res servent \u00e0 comparer les pratiques des \u00e9metteurs et \u00e0 identifier ce qui renforce la qualit\u00e9 de leurs supports : organisation des documents, qualit\u00e9 et tra\u00e7abilit\u00e9 des donn\u00e9es, coh\u00e9rence financi\u00e8re et extra-financi\u00e8re, clart\u00e9 des messages, efficacit\u00e9 de la navigation et explicitation des choix m\u00e9thodologiques.<\/p>\t\t\t\t\t\t\t\t<\/div>\n\t\t\t\t<div class=\"elementor-element elementor-element-f15ff17 elementor-widget elementor-widget-button\" data-id=\"f15ff17\" data-element_type=\"widget\" data-e-type=\"widget\" data-widget_type=\"button.default\">\n\t\t\t\t\t\t\t\t\t\t<a class=\"elementor-button elementor-button-link elementor-size-sm\" href=\"https:\/\/www.labrador-transparency.com\/fr\/transparency-awards\/\">\n\t\t\t\t\t\t<span class=\"elementor-button-content-wrapper\">\n\t\t\t\t\t\t\t\t\t<span class=\"elementor-button-text\">D\u00e9couvrir les Transparency Awards<\/span>\n\t\t\t\t\t<\/span>\n\t\t\t\t\t<\/a>\n\t\t\t\t\t\t\t\t<\/div>\n\t\t\t\t\t<\/div>\n\t\t\t\t<\/div>\n\t\t<div class=\"elementor-element elementor-element-3a8a78a e-flex e-con-boxed e-con e-parent\" data-id=\"3a8a78a\" data-element_type=\"container\" data-e-type=\"container\">\n\t\t\t\t\t<div class=\"e-con-inner\">\n\t\t\t\t<div class=\"elementor-element elementor-element-e331a87 elementor-widget__width-initial elementor-widget elementor-widget-heading\" data-id=\"e331a87\" data-element_type=\"widget\" data-e-type=\"widget\" data-settings=\"{&quot;sticky&quot;:&quot;top&quot;,&quot;sticky_on&quot;:[&quot;desktop&quot;,&quot;tablet&quot;],&quot;sticky_offset&quot;:140,&quot;sticky_parent&quot;:&quot;yes&quot;,&quot;sticky_effects_offset&quot;:0,&quot;sticky_anchor_link_offset&quot;:0}\" data-widget_type=\"heading.default\">\n\t\t\t\t\t<h1 class=\"elementor-heading-title elementor-size-default\">360 crit\u00e8res objectifs et universels :<\/h1>\t\t\t\t<\/div>\n\t\t<div class=\"elementor-element elementor-element-31b973d e-con-full e-flex e-con e-child\" data-id=\"31b973d\" data-element_type=\"container\" data-e-type=\"container\">\n\t\t\t\t<div class=\"elementor-element elementor-element-f7364f4 elementor-widget elementor-widget-heading\" data-id=\"f7364f4\" data-element_type=\"widget\" data-e-type=\"widget\" data-widget_type=\"heading.default\">\n\t\t\t\t\t<h3 class=\"elementor-heading-title elementor-size-default\">Document d'enregistrement universel<\/h3>\t\t\t\t<\/div>\n\t\t\t\t<div class=\"elementor-element elementor-element-807ff8a elementor-widget elementor-widget-n-accordion\" data-id=\"807ff8a\" data-element_type=\"widget\" data-e-type=\"widget\" data-settings=\"{&quot;default_state&quot;:&quot;all_collapsed&quot;,&quot;max_items_expended&quot;:&quot;one&quot;,&quot;n_accordion_animation_duration&quot;:{&quot;unit&quot;:&quot;ms&quot;,&quot;size&quot;:400,&quot;sizes&quot;:[]}}\" data-widget_type=\"nested-accordion.default\">\n\t\t\t\t\t\t\t<div class=\"e-n-accordion\" aria-label=\"Accordion. Open links with Enter or Space, close with Escape, and navigate with Arrow Keys\">\n\t\t\t\t\t\t<details id=\"e-n-accordion-item-1340\" class=\"e-n-accordion-item\" >\n\t\t\t\t<summary class=\"e-n-accordion-item-title\" data-accordion-index=\"1\" tabindex=\"0\" aria-expanded=\"false\" aria-controls=\"e-n-accordion-item-1340\" >\n\t\t\t\t\t<span class='e-n-accordion-item-title-header'><h3 class=\"e-n-accordion-item-title-text\"> Crit\u00e8res de navigation <\/h3><\/span>\n\t\t\t\t\t\t\t<span class='e-n-accordion-item-title-icon'>\n\t\t\t<span class='e-opened' ><i aria-hidden=\"true\" class=\"far fa-arrow-up\"><\/i><\/span>\n\t\t\t<span class='e-closed'><i aria-hidden=\"true\" class=\"far fa-arrow-down\"><\/i><\/span>\n\t\t<\/span>\n\n\t\t\t\t\t\t<\/summary>\n\t\t\t\t<div role=\"region\" aria-labelledby=\"e-n-accordion-item-1340\" class=\"elementor-element elementor-element-e47004a e-con-full e-flex e-con e-child\" data-id=\"e47004a\" data-element_type=\"container\" data-e-type=\"container\">\n\t\t<div role=\"region\" aria-labelledby=\"e-n-accordion-item-1340\" class=\"elementor-element elementor-element-95fcdfe e-flex e-con-boxed e-con e-child\" data-id=\"95fcdfe\" data-element_type=\"container\" data-e-type=\"container\">\n\t\t\t\t\t<div class=\"e-con-inner\">\n\t\t\t\t<div class=\"elementor-element elementor-element-3865da8 elementor-widget elementor-widget-text-editor\" data-id=\"3865da8\" data-element_type=\"widget\" data-e-type=\"widget\" data-widget_type=\"text-editor.default\">\n\t\t\t\t\t\t\t\t\t<ul class=\"list-colors\">\n \t<li class=\"bulletPink\">1 | Existence d&rsquo;une introduction au document s\u00e9lectionnant l&rsquo;information pertinent prospective de la soci\u00e9t\u00e9<\/li>\n \t<li class=\"bulletPink\">2 | Sommaire g\u00e9n\u00e9ral en page 2 de couverture ave\u0441 chapitres et sous-chapitres (2 niveaux)<\/li>\n \t<li class=\"bulletPink\">3 | Indication dans le sommaire des \u00e9l\u00e9ments constituant le rapport financier annuel (RFA)<\/li>\n \t<li class=\"bulletPink\">4 | Sommaires interm\u00e9diaires \u00e0 chaque entr\u00e9e de chapitre, avec 3 niveau de titres<\/li>\n \t<li class=\"bulletPink\">5 | Pr\u00e9sence au sommaire g\u00e9n\u00e9ral d&rsquo;un chapitre RSE ou \u00ab Rapport de durabilit\u00e9 \u00bb<\/li>\n \t<li class=\"bulletPink\">6 | Existence d&rsquo;un rapport int\u00e9gr\u00e9 (RI)<\/li>\n \t<li class=\"bulletPink\">7 | Pr\u00e9sence au sommaire g\u00e9n\u00e9ral, ou sommaire interm\u00e9diaire, d&rsquo;une section synth\u00e9tique r\u00e9sumant la communication et le dialogue de la soci\u00e9t\u00e9 avec les actionnaires\/investisseurs\/g\u00e9rants<\/li>\n \t<li class=\"bulletPink\">8 | Pr\u00e9sence au sommaire g\u00e9n\u00e9ral d&rsquo;une section \u00e9n\u00e9reld \u00ab Strat\u00e9gie et objectifs \u00bb<\/li>\n \t<li class=\"bulletPink\">9 | Pr\u00e9sence d&rsquo;une section \u00ab Taxonomie \u00bb clairement identifi\u00e9e au d\u00e9but de la section \u00ab Environnement \u00bb du chapitre \u00ab Rapport de durabilit\u00e9 \u00bb<\/li>\n \t<li class=\"bulletGreen\">10 | Sommaire en 6 \u00e0 10 chapitres<\/li>\n \t<li class=\"bulletGreen\">11 | Structure didactique du document<\/li>\n \t<li class=\"bulletGreen\">12 | Appellation \u00ab Facteurs et gestion des risques\u00bb, \u00ab Gouvernement d&rsquo;entreprise \u00bb et \u00ab Rapport de durabilit\u00e9 \u00bb des chapitres concern\u00e9s<\/li>\n \t<li class=\"bulletBlue\">13 | Rapport financier annuel inclus et cit\u00e9 sur la couverture<\/li>\n \t<li class=\"bulletBlue\">14 | Rapport annuel pour l&rsquo;Assembl\u00e9e g\u00e9n\u00e9rale inclus<\/li>\n \t<li class=\"bulletBlue\">15 | Pr\u00e9sence de la section \u00ab Plan de vigilance \u00bb au sommaire du chapitre RSE ou Rapport de durabilit\u00e9<\/li>\n \t<li class=\"bulletPink\">16 | Chapitre \u00ab Rapport de durabilit\u00e9 \u00bb dans les 4 premiers chapitres du DEU<\/li>\n<\/ul>\t\t\t\t\t\t\t\t<\/div>\n\t\t\t\t\t<\/div>\n\t\t\t\t<\/div>\n\t\t\t\t<\/div>\n\t\t\t\t\t<\/details>\n\t\t\t\t\t\t<details id=\"e-n-accordion-item-1341\" class=\"e-n-accordion-item\" >\n\t\t\t\t<summary class=\"e-n-accordion-item-title\" data-accordion-index=\"2\" tabindex=\"-1\" aria-expanded=\"false\" aria-controls=\"e-n-accordion-item-1341\" >\n\t\t\t\t\t<span class='e-n-accordion-item-title-header'><h3 class=\"e-n-accordion-item-title-text\"> Crit\u00e8res des tables de concordance <\/h3><\/span>\n\t\t\t\t\t\t\t<span class='e-n-accordion-item-title-icon'>\n\t\t\t<span class='e-opened' ><i aria-hidden=\"true\" class=\"far fa-arrow-up\"><\/i><\/span>\n\t\t\t<span class='e-closed'><i aria-hidden=\"true\" class=\"far fa-arrow-down\"><\/i><\/span>\n\t\t<\/span>\n\n\t\t\t\t\t\t<\/summary>\n\t\t\t\t<div role=\"region\" aria-labelledby=\"e-n-accordion-item-1341\" class=\"elementor-element elementor-element-3625f3d e-con-full e-flex e-con e-child\" data-id=\"3625f3d\" data-element_type=\"container\" data-e-type=\"container\">\n\t\t<div role=\"region\" aria-labelledby=\"e-n-accordion-item-1341\" class=\"elementor-element elementor-element-769bd41 e-flex e-con-boxed e-con e-child\" data-id=\"769bd41\" data-element_type=\"container\" data-e-type=\"container\">\n\t\t\t\t\t<div class=\"e-con-inner\">\n\t\t\t\t<div class=\"elementor-element elementor-element-4bd0061 elementor-widget elementor-widget-text-editor\" data-id=\"4bd0061\" data-element_type=\"widget\" data-e-type=\"widget\" data-widget_type=\"text-editor.default\">\n\t\t\t\t\t\t\t\t\t<ul class=\"list-colors\">\n  <li class=\"bulletPink\">17 | Table de concordance avec le r\u00e8glement (UE) n\u00b0 2017\/1129 comprenant chapitres et sous-chapitres<\/li>\n  <li class=\"bulletPink\">18 | Table de concordance du Rapport financier annuel<\/li>\n  <li class=\"bulletPink\">19 | Table de concordance du Rapport de gestion<\/li>\n  <li class=\"bulletPink\">20 | Num\u00e9ros de page et\/ou de section dans toutes les tables de concordance\u0435<\/li>\n  <li class=\"bulletPink\">21 | Table de concordance du Rapport sur Gouvernement d&rsquo;entreprise<\/li>\n  <li class=\"bulletPink\">22 | Table de concordance Devoir de vigilance<\/li>\n  <li class=\"bulletPink\">23 | Pr\u00e9sence d&rsquo;une table de concordance des renvois\/informations int\u00e9gr\u00e9es par r\u00e9f\u00e9rence effectu\u00e9s dans le Rapport de durabilit\u00e9<\/li>\n<\/ul>\n\t\t\t\t\t\t\t\t<\/div>\n\t\t\t\t\t<\/div>\n\t\t\t\t<\/div>\n\t\t\t\t<\/div>\n\t\t\t\t\t<\/details>\n\t\t\t\t\t\t<details id=\"e-n-accordion-item-1342\" class=\"e-n-accordion-item\" >\n\t\t\t\t<summary class=\"e-n-accordion-item-title\" data-accordion-index=\"3\" tabindex=\"-1\" aria-expanded=\"false\" aria-controls=\"e-n-accordion-item-1342\" >\n\t\t\t\t\t<span class='e-n-accordion-item-title-header'><h3 class=\"e-n-accordion-item-title-text\"> Crit\u00e8res g\u00e9n\u00e9raux <\/h3><\/span>\n\t\t\t\t\t\t\t<span class='e-n-accordion-item-title-icon'>\n\t\t\t<span class='e-opened' ><i aria-hidden=\"true\" class=\"far fa-arrow-up\"><\/i><\/span>\n\t\t\t<span class='e-closed'><i aria-hidden=\"true\" class=\"far fa-arrow-down\"><\/i><\/span>\n\t\t<\/span>\n\n\t\t\t\t\t\t<\/summary>\n\t\t\t\t<div role=\"region\" aria-labelledby=\"e-n-accordion-item-1342\" class=\"elementor-element elementor-element-8e352d6 e-con-full e-flex e-con e-child\" data-id=\"8e352d6\" data-element_type=\"container\" data-e-type=\"container\">\n\t\t<div role=\"region\" aria-labelledby=\"e-n-accordion-item-1342\" class=\"elementor-element elementor-element-c593640 e-flex e-con-boxed e-con e-child\" data-id=\"c593640\" data-element_type=\"container\" data-e-type=\"container\">\n\t\t\t\t\t<div class=\"e-con-inner\">\n\t\t\t\t<div class=\"elementor-element elementor-element-ffd62d6 elementor-widget elementor-widget-text-editor\" data-id=\"ffd62d6\" data-element_type=\"widget\" data-e-type=\"widget\" data-widget_type=\"text-editor.default\">\n\t\t\t\t\t\t\t\t\t<ul class=\"list-colors\">\n \t<li class=\"bulletPink\">24 | Document en un seul volume<\/li>\n \t<li class=\"bulletPink\">25 | Appellation \u00ab Document d&rsquo;enregistrement universel \u00bb<\/li>\n \t<li class=\"bulletPink\">26 | Existence d&rsquo;une version anglaise<\/li>\n \t<li class=\"bulletPink\">27 | Appellation \u00ab Universal Registration Document \u00bb<\/li>\n \t<li class=\"bulletPink\">28 | Indication des chapitres et sous-chapitres en haut de page c\u00f4t\u00e9 ext\u00e9rieur<\/li>\n \t<li class=\"bulletPink\">29 | Indication soci\u00e9t\u00e9, titre du document et ann\u00e9e en bas de page<\/li>\n \t<li class=\"bulletPink\">30 | Mise en pages sur deux colonnes<\/li>\n \t<li class=\"bulletPink\">31 | Existence d&rsquo;un glossaire (30 entr\u00e9es et plus)<\/li>\n \t<li class=\"bulletGreen\">32 | Version anglaise identique \u00e0 la version fran\u00e7aise, page \u00e0 page<\/li>\n \t<li class=\"bulletGreen\">33 | Pr\u00e9sence d&rsquo;indicateurs cl\u00e9s de performance financiers (<em>a minima<\/em> 1 indicateur tir\u00e9 du bilan, du compte de r\u00e9sultat et du tableau des flux de tr\u00e9sorerie) et extrafinanciers (a minima 2 indicateurs repr\u00e9sentatifs des 3 piliers ESG) dans la pr\u00e9sentation des activit\u00e9s ou en introduction du document<\/li>\n \t<li>34 | Liste des informations r\u00e8glement\u00e9es publi\u00e9es au cours des 12 derniers mois ou renvoi pr\u00e9cis vers le site internet<\/li>\n \t<li class=\"bulletBlue\">35 | Informations financi\u00e8res s\u00e9lectionn\u00e9es pr\u00e9sent\u00e9es au minimum sur 3 ans<\/li>\n \t<li class=\"bulletBlue\">36 | Segmentation sectorielle similaire<\/li>\n \t<li class=\"bulletBlue\">37 | Mention du chiffre d&rsquo;affaires et du r\u00e9sultat des diff\u00e9rents secteurs op\u00e9rationnels et par zone g\u00e9ographique dans la description des activit\u00e9s<\/li>\n \t<li class=\"bulletBlue\">38 | Mention des th\u00e8mes ESG dans la strat\u00e9gie et d&rsquo;un \u00e9l\u00e9ment prospectif permettant de les inscrire dans la dur\u00e9e<\/li>\n \t<li class=\"bulletGreen\">39 | Pr\u00e9sentation sous forme graphique de la gouvernance des risques<\/li>\n \t<li class=\"bulletPink\">40 | Num\u00e9rotation des titres jsuqu&rsquo;au T6 dans le Rapport de durabilit\u00e9<\/li>\n<\/ul>\t\t\t\t\t\t\t\t<\/div>\n\t\t\t\t\t<\/div>\n\t\t\t\t<\/div>\n\t\t\t\t<\/div>\n\t\t\t\t\t<\/details>\n\t\t\t\t\t\t<details id=\"e-n-accordion-item-1343\" class=\"e-n-accordion-item\" >\n\t\t\t\t<summary class=\"e-n-accordion-item-title\" data-accordion-index=\"4\" tabindex=\"-1\" aria-expanded=\"false\" aria-controls=\"e-n-accordion-item-1343\" >\n\t\t\t\t\t<span class='e-n-accordion-item-title-header'><h3 class=\"e-n-accordion-item-title-text\"> Crit\u00e8res de risques  <\/h3><\/span>\n\t\t\t\t\t\t\t<span class='e-n-accordion-item-title-icon'>\n\t\t\t<span class='e-opened' ><i aria-hidden=\"true\" class=\"far fa-arrow-up\"><\/i><\/span>\n\t\t\t<span class='e-closed'><i aria-hidden=\"true\" class=\"far fa-arrow-down\"><\/i><\/span>\n\t\t<\/span>\n\n\t\t\t\t\t\t<\/summary>\n\t\t\t\t<div role=\"region\" aria-labelledby=\"e-n-accordion-item-1343\" class=\"elementor-element elementor-element-5aac20c e-flex e-con-boxed e-con e-child\" data-id=\"5aac20c\" data-element_type=\"container\" data-e-type=\"container\">\n\t\t\t\t\t<div class=\"e-con-inner\">\n\t\t<div role=\"region\" aria-labelledby=\"e-n-accordion-item-1343\" class=\"elementor-element elementor-element-d2f16ee e-con-full e-flex e-con e-child\" data-id=\"d2f16ee\" data-element_type=\"container\" data-e-type=\"container\">\n\t\t\t\t<div class=\"elementor-element elementor-element-4ffb6f8 elementor-widget elementor-widget-text-editor\" data-id=\"4ffb6f8\" data-element_type=\"widget\" data-e-type=\"widget\" data-widget_type=\"text-editor.default\">\n\t\t\t\t\t\t\t\t\t<ul class=\"list-colors\">\n \t<li class=\"bulletBlue\">41 | Introduction courte au chapitre \u00ab risques \u00bb ou \u00e0 la partie \u00ab Facteurs de risque \u00bb incluant la date de la derni\u00e8re mise \u00e0 jour de la cartographie des risques, le cadre de r\u00e9f\u00e9rence suivi, le process de s\u00e9lection des risques et une synth\u00e8se des principaux risques<\/li>\n \t<li class=\"bulletBlue\">42 | Pr\u00e9sentation de chaque risque en deux parties clairement identifi\u00e9es : identification du risque puis gestion du risque<\/li>\n \t<li class=\"bulletBlue\">43 | Pr\u00e9sence dans le chapitre \u00ab risques \u00bb de envois pr\u00e9cisant <em>a minima<\/em> le chapitre et le num\u00e9ro de section pr\u00e9cis<\/li>\n \t<li class=\"bulletBlue\">44 | Existence d&rsquo;une cartographie des risques ou d&rsquo;un tableau r\u00e9sumant les principaux risques<\/li>\n \t<li class=\"bulletBlue\">45 | Risques : pr\u00e9sentation d&rsquo;une dizaine de cat\u00e9gories et sous cat\u00e9gories de risques et 15 facteurs de risques maximum<\/li>\n \t<li class=\"bulletBlue\">46 | Risques : pr\u00e9sence d&rsquo;un \u00e9l\u00e9ment permettant d&rsquo;\u00e9valuer la criticit\u00e9 nette des risques (\u00e9chelle de valeur, mention, picto, montant, etc.)<\/li>\n \t<li class=\"bulletBlue\">47 | Risques : identification des risques ESG dans la pr\u00e9sentation synth\u00e9tique des principaux risques Groupe<\/li>\n \t<li class=\"bulletBlue\">48 | Pr\u00e9sence dans la pr\u00e9sentation de la gouvernance des risques a minima du dispositif de gestion des risques, du contr\u00f4le interne et des liens avec les autres entit\u00e9s de l&rsquo;entreprise (notamment RSE)<\/li>\n \t<li class=\"bulletBlue\">49 | Mention dans la gestion des risques et du contr\u00f4le interne de la supervision des informations en mati\u00e8re de durabilit\u00e9<\/li>\n<\/ul>\t\t\t\t\t\t\t\t<\/div>\n\t\t\t\t<\/div>\n\t\t\t\t\t<\/div>\n\t\t\t\t<\/div>\n\t\t\t\t\t<\/details>\n\t\t\t\t\t\t<details id=\"e-n-accordion-item-1344\" class=\"e-n-accordion-item\" >\n\t\t\t\t<summary class=\"e-n-accordion-item-title\" data-accordion-index=\"5\" tabindex=\"-1\" aria-expanded=\"false\" aria-controls=\"e-n-accordion-item-1344\" >\n\t\t\t\t\t<span class='e-n-accordion-item-title-header'><h3 class=\"e-n-accordion-item-title-text\"> Crit\u00e8res RSE <\/h3><\/span>\n\t\t\t\t\t\t\t<span class='e-n-accordion-item-title-icon'>\n\t\t\t<span class='e-opened' ><i aria-hidden=\"true\" class=\"far fa-arrow-up\"><\/i><\/span>\n\t\t\t<span class='e-closed'><i aria-hidden=\"true\" class=\"far fa-arrow-down\"><\/i><\/span>\n\t\t<\/span>\n\n\t\t\t\t\t\t<\/summary>\n\t\t\t\t<div role=\"region\" aria-labelledby=\"e-n-accordion-item-1344\" class=\"elementor-element elementor-element-65c68bf e-flex e-con-boxed e-con e-child\" data-id=\"65c68bf\" data-element_type=\"container\" data-e-type=\"container\">\n\t\t\t\t\t<div class=\"e-con-inner\">\n\t\t<div role=\"region\" aria-labelledby=\"e-n-accordion-item-1344\" class=\"elementor-element elementor-element-dc545fe e-con-full e-flex e-con e-child\" data-id=\"dc545fe\" data-element_type=\"container\" data-e-type=\"container\">\n\t\t\t\t<div class=\"elementor-element elementor-element-1cee914 elementor-widget elementor-widget-text-editor\" data-id=\"1cee914\" data-element_type=\"widget\" data-e-type=\"widget\" data-widget_type=\"text-editor.default\">\n\t\t\t\t\t\t\t\t\t<ul class=\"list-colors\">\n \t<li class=\"bulletGreen\">50 | Mention d&rsquo;un r\u00e9f\u00e9rentiel national ou international<\/li>\n \t<li class=\"bulletGreen\">51 | Existence d&rsquo;un tableau \/ cartographie du dialogue avec les parties prenantes<\/li>\n \t<li class=\"bulletGreen\">52 | Pr\u00e9sentation synth\u00e9tique sous forme de tableau de bord des enjeux ESG, des impacts, risques et opportunit\u00e9s, des objectifs avec leur horizon de temps, des crit\u00e8res d&rsquo;\u00e9valuation, des r\u00e9sultats de l&rsquo;ann\u00e9e et de l&rsquo;\u00e9tat d&rsquo;avancement<\/li>\n \t<li class=\"bulletGreen\">53 | Pr\u00e9sence du mod\u00e8le d&rsquo;affaires pr\u00e9sent\u00e9 sous forme graphique et int\u00e9grant <em>a minima<\/em> la cr\u00e9ation de valeur chiffr\u00e9e (pr\u00e9sence de KPIs) et les tendances de march\u00e9<\/li>\n \t<li class=\"bulletGreen\">54 | Pr\u00e9sentation pour chaque enjeu extra-financier\/IRO des politiques, des plans d&rsquo;action et r\u00e9sultats obtenus<\/li>\n \t<li class=\"bulletGreen\">55 | Pr\u00e9sentation des ODD en lien avec la d\u00e9marche RSE de l&rsquo;entreprise et des plans d&rsquo;action associ\u00e9s<\/li>\n \t<li class=\"bulletGreen\">56 | Pr\u00e9sentation des \u00e9missions de GES en TeqCO\u2082 (tonnes d&rsquo;\u00e9quivalent CO\u2082)<\/li>\n \t<li class=\"bulletGreen\">57 | Pr\u00e9sence d&rsquo;un graphique d\u00e9crivant la trajectoire bas carbone dans le temps compar\u00e9e aux objectifs \u00e0 atteindre (fix\u00e9s par l&rsquo;entreprise \/ Accord de Paris)<\/li>\n \t<li class=\"bulletGreen\">58 | Pr\u00e9sentation des indicateurs extra-financiers sur 3 ans <em>a minima<\/em><\/li>\n \t<li class=\"bulletGreen\">59 | Utilisation d&rsquo;un ou des r\u00e9f\u00e9rentiels pour la strat\u00e9gie biodiversit\u00e9 (Biodiversit\u00e9 2030 de l&rsquo;UE, accord de Rio, Post 2020 Global Biodiversity, Act for Nature, SBTN, etc.)<\/li>\n \t<li class=\"bulletGreen\">60 | Taxonomie verte : pr\u00e9sence d&rsquo;au moins 1 extract de l&rsquo;un des 3 tableaux exig\u00e9s (Chiffre d&rsquo;affaires, Capex et Opex) accompagn\u00e9 de commentaires<\/li>\n \t<li class=\"bulletGreen\">61 | Comparaison de la trajectoire carbone de l&rsquo;entreprise, depuis l&rsquo;ann\u00e9e de r\u00e9f\u00e9rence s\u00e9lectionn\u00e9e, \u00e0 la projection d&rsquo;une trajectoire scientifique\/de r\u00e9f\u00e9rence (sectorielle, Giec, SBTI, etc.)<\/li>\n \t<li class=\"bulletBlue\">62 | Pr\u00e9sence de la m\u00e9thodologie du reporting et de son p\u00e9rim\u00e8tre<\/li>\n \t<li class=\"bulletBlue\">63 | Pr\u00e9sence de la matrice de double mat\u00e9rialit\u00e9 sous forme graphique<\/li>\n \t<li class=\"bulletBlue\">64 | Pr\u00e9sence de l&rsquo;attestation de v\u00e9rification par un organisme tiers ind\u00e9pendant<\/li>\n \t<li class=\"bulletBlue\">65 | Pr\u00e9sentation des principaux \u00e9l\u00e9ments d\u00e9terminant la notation extra-financi\u00e8re ou renvoi vers le site internet ou le site de l&rsquo;agence de notation extra-financi\u00e8re ou pr\u00e9sentation d&rsquo;un historique de la notation (<em>a minima<\/em> sur 2 ans)<\/li>\n \t<li class=\"bulletBlue\">66 | Plan de vigilance : pr\u00e9cision des zones g\u00e9ographiques pr\u00e9sentant un\/des risques pour les droits de l&rsquo;homme<\/li>\n \t<li class=\"bulletBlue\">67 | Plan de vigilance : pr\u00e9cision des zones g\u00e9ographiques pr\u00e9sentant un\/des risque(s) pour l&rsquo;environnement<\/li>\n \t<li class=\"bulletBlue\">68 | Pr\u00e9sentation de l&rsquo;organisation de la RSE, de la Compliance et de la cybers\u00e9curit\u00e9 avec mention d&rsquo;un lien hi\u00e9rarchique au Comex\/Codir<\/li>\n \t<li class=\"bulletBlue\">69 | Pr\u00e9sentation \u00e0 chaque IRO de son niveau de mat\u00e9rialit\u00e9 (information textuelle ou visuelle)<\/li>\n \t<li class=\"bulletBlue\">70 | Mention de l&rsquo;alignement de la politique climat sur la trajectoire 2 degr\u00e9s (ou 1,5 degr\u00e9) avec pr\u00e9cision de la m\u00e9thodologie de s\u00e9lection des objectifs retenus et des moyens et ressources mis en \u0153uvre pour atteindre les objectifs fix\u00e9s<\/li>\n \t<li class=\"bulletBlue\">71 | Pr\u00e9sence d&rsquo;un ou d&rsquo;indicateur(s) sur la biodiversit\u00e9 et de l&rsquo;\/des objectif(s) associ\u00e9(s)<\/li>\n \t<li class=\"bulletBlue\">72 | Mention d&rsquo;une cartographie des sites, actifs et\/ou activit\u00e9s pr\u00e9sentant un risque pour la biodiversit\u00e9<\/li>\n \t<li class=\"bulletBlue\">73 | Pr\u00e9cision de la part de la r\u00e9duction et la part de la compensation dans la d\u00e9marche de neutralit\u00e9 carbone (sous forme graphique ou en %)<\/li>\n \t<li class=\"bulletBlue\">74 | Mention du suivi de l&rsquo;initiative SBTi (Science Based Target initiatives)<\/li>\n \t<li class=\"bulletBlue\">75 | Pr\u00e9cision de l&rsquo;impact \u00ab Risque Brut \u00bb pour les risques RSE<\/li>\n \t<li class=\"bulletBlue\">76 | Pr\u00e9cision d&rsquo;un degr\u00e9 de confiance (d&rsquo;incertitude) des indicateurs\/objectifs climatiques<\/li>\n \t<li class=\"bulletBlue\">77 | Pr\u00e9sence d&rsquo;une section consacr\u00e9e au partage de la valeur avec les salari\u00e9s d\u00e9taillant les r\u00e9sultats des diff\u00e9rents m\u00e9canismes en place<\/li>\n \t<li class=\"bulletBlue\">78 | Pr\u00e9sence de la m\u00e9thodologie d&rsquo;analyse de l&rsquo;\u00e9ligibilit\u00e9\/l&rsquo;alignement, ou non, \u00e0 la taxonomie<\/li>\n \t<li class=\"bulletBlue\">79 | Indication de l&rsquo;ann\u00e9e de r\u00e9f\u00e9rence retenue pour d\u00e9finir les objectifs de r\u00e9duction des \u00e9missions carbone<\/li>\n \t<li class=\"bulletBlue\">80 | Scope 3 : pr\u00e9cision des p\u00e9rim\u00e8tres retenus, principes m\u00e9thodologiques, hypoth\u00e8ses retenues et niveau d&rsquo;incertitude<\/li>\n \t<li class=\"bulletGreen\">81 | Pr\u00e9sentation du bilan carbone des 3 scopes en valeur absolue selon le tableau mod\u00e8le de la norme CSRD<\/li>\n \t<li class=\"bulletGreen\">82 | Pr\u00e9sentation sous forme d&rsquo;un graphique de la r\u00e9partition des \u00e9missions de GES des 3 scopes en valeur relative accompagn\u00e9 de la d\u00e9finition du Scope 3<\/li>\n \t<li class=\"bulletBlue\">83 | Pr\u00e9cision des sc\u00e9narios retenus pour d\u00e9finir les risques et opportunit\u00e9s li\u00e9s au changement climatique et justification de ce(s) choix<\/li>\n \t<li class=\"bulletBlue\">84 | Taxonomie : pr\u00e9sentation du plan d&rsquo;investissement durable pour am\u00e9liorer les performances environnementales<\/li>\n \t<li class=\"bulletBlue\">85 | Taxonomie : publication du taux d&rsquo;alignement et \u00e9volution dans le temps<\/li>\n \t<li class=\"bulletGreen\">86 | M\u00e9thodologie de la double mat\u00e9rialit\u00e9 incluant la cartographie des parties prenantes impact\u00e9es, le nombre de parties prenantes consult\u00e9es ainsi que les modes de consultation, la description de la d\u00e9marche d&rsquo;analyse et la synth\u00e8se des r\u00e9sultats<\/li>\n \t<li class=\"bulletGreen\">87 | Pr\u00e9sence d&rsquo;un tableau listant les enjeux consid\u00e9r\u00e9s comme non mat\u00e9riels par l&rsquo;analyse de double mat\u00e9rialit\u00e9<\/li>\n \t<li class=\"bulletBlue\">88 | Pr\u00e9sence d&rsquo;une courte justification pour les enjeux consid\u00e9r\u00e9s comme non mat\u00e9riels<\/li>\n \t<li class=\"bulletBlue\">89 | Pr\u00e9cision des parties prenantes consult\u00e9es et de leur int\u00e9r\u00eat pour l&rsquo;entreprise dans le cadre de l&rsquo;analyse de double mat\u00e9rialit\u00e9<\/li>\n \t<li class=\"bulletBlue\">90 | Description de la m\u00e9thode de cotation pour d\u00e9finir les enjeux mat\u00e9riels<\/li>\n \t<li class=\"bulletGreen\">91 | Rappel en introduction de chaque ESRS d&rsquo;un tableau synth\u00e9tique des IROs pr\u00e9cisant le p\u00e9rim\u00e8tre concern\u00e9, l&rsquo;horizon de temps et le niveau de mat\u00e9rialit\u00e9<\/li>\n \t<li class=\"bulletGreen\">92 | Pr\u00e9sentation sous forme du graphique mod\u00e8le AR-31 du plan de transition bas carbone<\/li>\n \t<li class=\"bulletBlue\">93 | Pr\u00e9sence de la d\u00e9finition d&rsquo;un salaire d\u00e9cent pour l&rsquo;entreprise avec mention d&rsquo;un r\u00e9f\u00e9rentiel<\/li>\n<\/ul>\t\t\t\t\t\t\t\t<\/div>\n\t\t\t\t<\/div>\n\t\t\t\t\t<\/div>\n\t\t\t\t<\/div>\n\t\t\t\t\t<\/details>\n\t\t\t\t\t\t<details id=\"e-n-accordion-item-1345\" class=\"e-n-accordion-item\" >\n\t\t\t\t<summary class=\"e-n-accordion-item-title\" data-accordion-index=\"6\" tabindex=\"-1\" aria-expanded=\"false\" aria-controls=\"e-n-accordion-item-1345\" >\n\t\t\t\t\t<span class='e-n-accordion-item-title-header'><h3 class=\"e-n-accordion-item-title-text\"> Crit\u00e8res \u00e9thiques <\/h3><\/span>\n\t\t\t\t\t\t\t<span class='e-n-accordion-item-title-icon'>\n\t\t\t<span class='e-opened' ><i aria-hidden=\"true\" class=\"far fa-arrow-up\"><\/i><\/span>\n\t\t\t<span class='e-closed'><i aria-hidden=\"true\" class=\"far fa-arrow-down\"><\/i><\/span>\n\t\t<\/span>\n\n\t\t\t\t\t\t<\/summary>\n\t\t\t\t<div role=\"region\" aria-labelledby=\"e-n-accordion-item-1345\" class=\"elementor-element elementor-element-2e32a79 e-flex e-con-boxed e-con e-child\" data-id=\"2e32a79\" data-element_type=\"container\" data-e-type=\"container\">\n\t\t\t\t\t<div class=\"e-con-inner\">\n\t\t<div role=\"region\" aria-labelledby=\"e-n-accordion-item-1345\" class=\"elementor-element elementor-element-57a6899 e-con-full e-flex e-con e-child\" data-id=\"57a6899\" data-element_type=\"container\" data-e-type=\"container\">\n\t\t\t\t<div class=\"elementor-element elementor-element-c5e1317 elementor-widget elementor-widget-text-editor\" data-id=\"c5e1317\" data-element_type=\"widget\" data-e-type=\"widget\" data-widget_type=\"text-editor.default\">\n\t\t\t\t\t\t\t\t\t<ul class=\"list-colors\">\n \t<li class=\"bulletBlue\">94 | R\u00e9f\u00e9rence \u00e0 un code ou une charte \u00e9thique\/d\u00e9ontologique avec renvoi pr\u00e9cis<\/li>\n \t<li class=\"bulletBlue\">95 | Plan de vigilance : pr\u00e9sentation de la cartographie des risques de vigilance incluant la pr\u00e9cision du p\u00e9rim\u00e8tre des filiales \u00e9valu\u00e9es et de la cha\u00eene d&rsquo;approvisionnement<\/li>\n \t<li class=\"bulletBlue\">96 | Description du plan anti-corruption dans une section clairement identifi\u00e9e<\/li>\n \t<li class=\"bulletBlue\">97 | Mention d&rsquo;une gouvernance Droits de l&rsquo;homme<\/li>\n \t<li class=\"bulletBlue\">98 | Devoir de vigilance : publication d&rsquo;une cartographie des risques, ou mention des risques les plus critiques et des proc\u00e9dures mises en \u0153uvre pour leur gestion<\/li>\n \t<li class=\"bulletBlue\">99 | Pr\u00e9sentation du bilan du dispositif d&rsquo;alerte \u00e9thique mis en place avec pr\u00e9cision a minima du nombre d&rsquo;alertes re\u00e7ues et trait\u00e9es et des sanctions prononc\u00e9es<\/li>\n \t<li class=\"bulletBlue\">100 | Mention d&rsquo;un programme de formation \u00e0 l&rsquo;\u00e9thique et pr\u00e9cision du nombre ou de la part de salari\u00e9s form\u00e9s<\/li>\n \t<li class=\"bulletBlue\">101 | Mention de l&rsquo;existence d&rsquo;un r\u00e9seau de correspondants \u00e9thiques \u00e0 \u00ab temps partiel \u00bb dans le groupe<\/li>\n \t<li class=\"bulletBlue\">102 | Description du dispositif d&rsquo;alerte ou renvoi pr\u00e9cis vers un document sp\u00e9cifique, la charte \u00e9thique ou le site internet<\/li>\n \t<li class=\"bulletBlue\">103 | Pr\u00e9cision dans la description de la proc\u00e9dure d&rsquo;alerte d&rsquo;un d\u00e9lai d&rsquo;accus\u00e9 de r\u00e9ception d&rsquo;un signalement inf\u00e9rieur ou \u00e9gal \u00e0 7 jours<\/li>\n \t<li class=\"bulletBlue\">104 | Pr\u00e9cision de la derni\u00e8re date de mise \u00e0 jour du code d&rsquo;\u00e9thique\/code de conduite et de la cartographie des risques de corruption<\/li>\n \t<li class=\"bulletBlue\">105 | Mention dans le dispositif \u00e9thique de la mise en place de tests de connaissance suite aux s\u00e9quences de formation des salari\u00e9s et nombre de tests r\u00e9alis\u00e9s au cours de l&rsquo;exercice<\/li>\n \t<li class=\"bulletBlue\">106 | Plan de vigilance : mention du dialogue avec les parties prenantes incluant la pr\u00e9cision des parties prenantes interrog\u00e9es lors de l&rsquo;analyse des risques et de la mise en place des plans d&rsquo;action<\/li>\n \t<li class=\"bulletBlue\">107 | Plan de vigilance : pr\u00e9cision de l&rsquo;objet des r\u00e9unions avec les parties prenantes<\/li>\n \t<li class=\"bulletBlue\">108 | Plan de vigilance : publication d&rsquo;un tableau de bord synth\u00e9tisant les principaux risques, les indicateurs de suivi et les r\u00e9sultats obtenus<\/li>\n<\/ul>\t\t\t\t\t\t\t\t<\/div>\n\t\t\t\t<\/div>\n\t\t\t\t\t<\/div>\n\t\t\t\t<\/div>\n\t\t\t\t\t<\/details>\n\t\t\t\t\t\t<details id=\"e-n-accordion-item-1346\" class=\"e-n-accordion-item\" >\n\t\t\t\t<summary class=\"e-n-accordion-item-title\" data-accordion-index=\"7\" tabindex=\"-1\" aria-expanded=\"false\" aria-controls=\"e-n-accordion-item-1346\" >\n\t\t\t\t\t<span class='e-n-accordion-item-title-header'><h3 class=\"e-n-accordion-item-title-text\"> Crit\u00e8res de gouvernance <\/h3><\/span>\n\t\t\t\t\t\t\t<span class='e-n-accordion-item-title-icon'>\n\t\t\t<span class='e-opened' ><i aria-hidden=\"true\" class=\"far fa-arrow-up\"><\/i><\/span>\n\t\t\t<span class='e-closed'><i aria-hidden=\"true\" class=\"far fa-arrow-down\"><\/i><\/span>\n\t\t<\/span>\n\n\t\t\t\t\t\t<\/summary>\n\t\t\t\t<div role=\"region\" aria-labelledby=\"e-n-accordion-item-1346\" class=\"elementor-element elementor-element-77f6e4a e-flex e-con-boxed e-con e-child\" data-id=\"77f6e4a\" data-element_type=\"container\" data-e-type=\"container\">\n\t\t\t\t\t<div class=\"e-con-inner\">\n\t\t<div role=\"region\" aria-labelledby=\"e-n-accordion-item-1346\" class=\"elementor-element elementor-element-71b8afe e-con-full e-flex e-con e-child\" data-id=\"71b8afe\" data-element_type=\"container\" data-e-type=\"container\">\n\t\t\t\t<div class=\"elementor-element elementor-element-9a4efd3 elementor-widget elementor-widget-text-editor\" data-id=\"9a4efd3\" data-element_type=\"widget\" data-e-type=\"widget\" data-widget_type=\"text-editor.default\">\n\t\t\t\t\t\t\t\t\t<ul class=\"list-colors\">\n \t<li class=\"bulletPink\">109 | Information facilement accessible sur la parit\u00e9, l&rsquo;ind\u00e9pendance et la nationalit\u00e9 des administrateurs au sein du Conseil, <em>a minima<\/em> sous forme de chiffres cl\u00e9s<\/li>\n \t<li class=\"bulletGreen\">110 | Tableau de synth\u00e8se pr\u00e9sentant la composition du Conseil<\/li>\n \t<li class=\"bulletGreen\">111 | Gouvernance : pr\u00e9sence d&rsquo;un tableau de synth\u00e8se des recommandations AFEP-MEDEF, ou Middlenext, non appliqu\u00e9es<\/li>\n \t<li class=\"bulletBlue\">112 | R\u00e9f\u00e9rence \u00e0 un code de gouvernance de Place<\/li>\n \t<li class=\"bulletBlue\">113 | Revue annuelle de l&rsquo;ind\u00e9pendance des membres du Conseil<\/li>\n \t<li class=\"bulletBlue\">114 | Identification des membres du comit\u00e9 d&rsquo;audit et pr\u00e9cisions sur leurs comp\u00e9tences<\/li>\n \t<li class=\"bulletBlue\">115 | Mention des taux de pr\u00e9sence globale et individuelle aux r\u00e9unions du Conseil, ainsi que nombre de r\u00e9unions<\/li>\n \t<li class=\"bulletBlue\">116 | Mention des taux de pr\u00e9sence globale et individuelle aux r\u00e9unions des comit\u00e9s, ainsi que le nombre de r\u00e9unions<\/li>\n \t<li class=\"bulletBlue\">117 | Mention de la mise en place d&rsquo;un plan de succession, de la date de sa derni\u00e8re revue et pr\u00e9cision des travaux r\u00e9alis\u00e9s au cours de cette revue<\/li>\n \t<li class=\"bulletBlue\">118 | Pr\u00e9sentation des r\u00e9sultats de l&rsquo;\u00e9valuation du Conseil accompagn\u00e9e des recommandations avec rappel des r\u00e9sultats et recommandations de l&rsquo;\u00e9valuation N-1<\/li>\n \t<li class=\"bulletBlue\">119 | Pr\u00e9sence dans la d\u00e9finition des \u00ab relations d&rsquo;affaires \u00bb des crit\u00e8res quantitatifs et\/ou qualitatifs propres \u00e0 l&rsquo;entreprise<\/li>\n \t<li class=\"bulletBlue\">120 | Pr\u00e9sence du r\u00e8glement int\u00e9rieur du Conseil d&rsquo;administration ou Conseil de surveillance (complet, ou extraits ou renvoi pr\u00e9cis vers site internet)<\/li>\n \t<li class=\"bulletBlue\">121 | Pr\u00e9sentation des formations propos\u00e9es aux membres du Conseil et pr\u00e9cision du nombre d&rsquo;administrateurs form\u00e9s au cours de l&rsquo;exercice<\/li>\n \t<li class=\"bulletBlue\">122 | Existence d&rsquo;un Comit\u00e9 RSE ou bien pr\u00e9sence de la RSE dans les travaux du Conseil<\/li>\n \t<li class=\"bulletBlue\">123 | Existence d&rsquo;un Comit\u00e9 \u00e9thique ou bien pr\u00e9sence de l&rsquo;\u00e9thique dans les travaux du Conseil<\/li>\n \t<li class=\"bulletBlue\">124 | Mention de la tenue de r\u00e9unions du conseil hors la pr\u00e9sence des ex\u00e9cutifs et des sujets trait\u00e9s dans une section clairement identifi\u00e9e<\/li>\n \t<li class=\"bulletBlue\">125 | Mention d&rsquo;une formation ou sensibilisation des administrateurs \u00e0 la notion d&rsquo;information privil\u00e9gi\u00e9e<\/li>\n \t<li>126 | Pr\u00e9cision de la nature de participation (physique, visioconf\u00e9rence) aux r\u00e9unions du Conseil pour chaque administrateur<\/li>\n \t<li class=\"bulletBlue\">127 | Pr\u00e9sentation du processus de s\u00e9lection des administrateurs<\/li>\n \t<li class=\"bulletBlue\">128 | Pr\u00e9sence dans la politique de mixit\u00e9 des instances dirigeantes (Comit\u00e9s ex\u00e9cutifs \/ Comit\u00e9s de direction) du pourcentage de femmes, des objectifs pr\u00e9cis de mixit\u00e9, des plans d&rsquo;action mis en place et d&rsquo;un horizon de temps<\/li>\n \t<li class=\"bulletBlue\">129 | Mention de comp\u00e9tences\/expertises RSE au sein du Conseil ventil\u00e9es selon environnement, climat, biodiversit\u00e9, social, gouvernance\/conduite des affaires<\/li>\n \t<li class=\"bulletBlue\">130 | Pr\u00e9sence des sujets environnementaux dans les travaux du Conseil<\/li>\n \t<li class=\"bulletBlue\">131 | Existence d&rsquo;un processus de consultation annuelle de parties prenantes au sein du Conseil\/d&rsquo;un comit\u00e9 d\u00e9di\u00e9 du Conseil et\/ou de la Direction g\u00e9n\u00e9rale<\/li>\n \t<li class=\"bulletBlue\">132 | Pr\u00e9cision des r\u00f4les respectifs du Comit\u00e9 d&rsquo;audit et du Comit\u00e9 RSE en mati\u00e8re de reporting extra-financier<\/li>\n \t<li class=\"bulletBlue\">133 | Existence d&rsquo;une formation \u00e0 la RSE \/ aux enjeux climatiques pour les administrateurs et nombre d&rsquo;administrateurs form\u00e9s<\/li>\n \t<li>134 | Pr\u00e9sence d&rsquo;un administrateur salari\u00e9 au sein du comit\u00e9 des r\u00e9mun\u00e9rations<\/li>\n \t<li>135 | Mention d&rsquo;\u00e9changes hors la pr\u00e9sence des ex\u00e9cutifs avec le\/les administrateurs salari\u00e9s<\/li>\n \t<li class=\"bulletBlue\">136 | Pr\u00e9sence dans les travaux du Comit\u00e9 d&rsquo;audit de sa contribution \u00e0 l&rsquo;\u00e9laboration et au contr\u00f4le de l&rsquo;information extra-financi\u00e8re<\/li>\n \t<li class=\"bulletBlue\">137 | Publication de l&rsquo;index d&rsquo;\u00e9galit\u00e9 (\u00e9cart de salaire entre hommes et femmes) accompagn\u00e9 des actions mises en place et d&rsquo;un horizon de temps<\/li>\n \t<li class=\"bulletBlue\">138 | Pr\u00e9sence de la m\u00e9thodologie de calcul de l&rsquo;index d&rsquo;\u00e9galit\u00e9 int\u00e9grant l&rsquo;int\u00e9gralit\u00e9 des r\u00e9mun\u00e9rations vers\u00e9es (fixe + avantages)<\/li>\n \t<li class=\"bulletBlue\">139 | Mention de la participation du Comit\u00e9 RSE\/r\u00e9f\u00e9rent RSE du Conseil \u00e0 l&rsquo;\u00e9laboration des crit\u00e8res RSE de la r\u00e9mun\u00e9ration variable et \u00e0 l&rsquo;\u00e9valuation de la performance des dirigeants sur lesdits crit\u00e8res<\/li>\n \t<li class=\"bulletBlue\">140 | Pr\u00e9sence de la m\u00e9thodologie de d\u00e9finition des comp\u00e9tences pour \u00e9tablir la cartographie et\/ou le tableau des comp\u00e9tences<\/li>\n \t<li>141 | Pr\u00e9cision des comp\u00e9tences r\u00e9unies au sein de chaque Comit\u00e9 du Conseil<\/li>\n \t<li class=\"bulletPink\">142 | Pr\u00e9sence dans les travaux du Conseil d&rsquo;une section sp\u00e9cifique \u00e0 l&rsquo;information extra-financi\u00e8re et des travaux r\u00e9alis\u00e9s au cours de l&rsquo;ann\u00e9e<\/li>\n \t<li>143 | Mention dans l&rsquo;\u00e9valuation du Conseil d&rsquo;une restitution individuelle concernant la contribution personnelle de chaque administrateur au Conseil<\/li>\n \t<li class=\"bulletGreen\">144 | Pr\u00e9sentation didactique, organis\u00e9e par grands th\u00e8mes (composition du Conseil, fonctionnement, formation, etc.) de l&rsquo;\u00e9valuation du Conseil<\/li>\n \t<li>145 | Pr\u00e9sentation des comp\u00e9tences\/expertises individuelles par administrateur avec pr\u00e9cision du niveau d&rsquo;expertise<\/li>\n<\/ul>\t\t\t\t\t\t\t\t<\/div>\n\t\t\t\t<\/div>\n\t\t\t\t\t<\/div>\n\t\t\t\t<\/div>\n\t\t\t\t\t<\/details>\n\t\t\t\t\t\t<details id=\"e-n-accordion-item-1347\" class=\"e-n-accordion-item\" >\n\t\t\t\t<summary class=\"e-n-accordion-item-title\" data-accordion-index=\"8\" tabindex=\"-1\" aria-expanded=\"false\" aria-controls=\"e-n-accordion-item-1347\" >\n\t\t\t\t\t<span class='e-n-accordion-item-title-header'><h3 class=\"e-n-accordion-item-title-text\"> Crit\u00e8res de r\u00e9mun\u00e9ration <\/h3><\/span>\n\t\t\t\t\t\t\t<span class='e-n-accordion-item-title-icon'>\n\t\t\t<span class='e-opened' ><i aria-hidden=\"true\" class=\"far fa-arrow-up\"><\/i><\/span>\n\t\t\t<span class='e-closed'><i aria-hidden=\"true\" class=\"far fa-arrow-down\"><\/i><\/span>\n\t\t<\/span>\n\n\t\t\t\t\t\t<\/summary>\n\t\t\t\t<div role=\"region\" aria-labelledby=\"e-n-accordion-item-1347\" class=\"elementor-element elementor-element-cdcfd80 e-flex e-con-boxed e-con e-child\" data-id=\"cdcfd80\" data-element_type=\"container\" data-e-type=\"container\">\n\t\t\t\t\t<div class=\"e-con-inner\">\n\t\t<div role=\"region\" aria-labelledby=\"e-n-accordion-item-1347\" class=\"elementor-element elementor-element-b37f187 e-con-full e-flex e-con e-child\" data-id=\"b37f187\" data-element_type=\"container\" data-e-type=\"container\">\n\t\t\t\t<div class=\"elementor-element elementor-element-0c6004e elementor-widget elementor-widget-text-editor\" data-id=\"0c6004e\" data-element_type=\"widget\" data-e-type=\"widget\" data-widget_type=\"text-editor.default\">\n\t\t\t\t\t\t\t\t\t<ul class=\"list-colors\">\n \t<li class=\"bulletGreen\">146 | Pr\u00e9sentation de l&rsquo;\u00e9volution des ratios d&rsquo;\u00e9quit\u00e9 dans un tableau conforme au tableau mod\u00e8le du code AFEP-MEDEF<\/li>\n \t<li class=\"bulletPink\">147 | Pr\u00e9sence des ratios d&rsquo;\u00e9quit\u00e9 dans le rapport ex post<\/li>\n \t<li>148 | R\u00e9mun\u00e9rations : pr\u00e9sence et conformit\u00e9 des 11 tableaux de la recommandation AMF<\/li>\n \t<li>149 | R\u00e9mun\u00e9rations : pr\u00e9sence des 11 tableaux de la recommandation AMF num\u00e9rot\u00e9s conform\u00e9ment<\/li>\n \t<li class=\"bulletGreen\">150 | Pr\u00e9sence d&rsquo;un crit\u00e8re quantitatif \u00ab environnement \u00bb et d&rsquo;un crit\u00e8re \u00ab social \u00bb, en lien avec la strat\u00e9gie ESG, dans le calcul de la r\u00e9mun\u00e9ration variable court terme et moyen-long terme et pr\u00e9cision de leur poids respectif<\/li>\n \t<li>151 | Pr\u00e9sentation sous forme de tableau, ou de graphique, d&rsquo;un r\u00e9capitulatif de l&rsquo;ensemble des r\u00e9mun\u00e9rations vers\u00e9es (court terme et moyen-long terme) au cours de l&rsquo;exercice, y compris les r\u00e9mun\u00e9rations diff\u00e9r\u00e9es provenant d&rsquo;exercices ant\u00e9rieurs<\/li>\n \t<li class=\"bulletGreen\">152 | Pr\u00e9sence de crit\u00e8re(s) extra-financier(s) dans la r\u00e9mun\u00e9ration variable des membres du Codir\/Comex<\/li>\n \t<li class=\"bulletBlue\">154 | R\u00e9mun\u00e9ration variable des dirigeants en pourcentage de la r\u00e9mun\u00e9ration fixe<\/li>\n \t<li class=\"bulletBlue\">155 | Modalit\u00e9s de fixation du montant de la r\u00e9mun\u00e9ration variable et pr\u00e9sence de crit\u00e8res qualitatifs et quantitatifs ainsi que de leur pond\u00e9ration sous forme de tableau<\/li>\n \t<li class=\"bulletBlue\">156 | Conditions de conservation des actions issues de la conversion de stock options ou de l&rsquo;attribution d&rsquo;actions gratuites ou de performance<\/li>\n \t<li class=\"bulletBlue\">157 | Pr\u00e9sence d&rsquo;un graphique mettant en perspective l&rsquo;\u00e9volution de la r\u00e9mun\u00e9ration avec l&rsquo;\u00e9volution de la performance financi\u00e8re et extra-financi\u00e8re de l&rsquo;entreprise<\/li>\n \t<li class=\"bulletBlue\">158 | Pr\u00e9sence dans le rapport sur la politique de r\u00e9mun\u00e9ration de tous les \u00e9l\u00e9ments composant la r\u00e9mun\u00e9ration et soumis aux votes<\/li>\n \t<li class=\"bulletBlue\">159 | Pr\u00e9cision de la r\u00e9mun\u00e9ration par administrateur avec pr\u00e9sence des r\u00e8gles de r\u00e9partition<\/li>\n \t<li>160 | Pr\u00e9sence dans la politique de r\u00e9mun\u00e9ration d&rsquo;un tableau r\u00e9sumant les montants des indemnit\u00e9s et avantages potentiellement dus aux dirigeants mandataires sociaux selon les diff\u00e9rentes hypoth\u00e8ses de d\u00e9part<\/li>\n \t<li class=\"bulletBlue\">161 | Pr\u00e9cision des crit\u00e8res de d\u00e9termination de la r\u00e9mun\u00e9ration dans la politique de r\u00e9mun\u00e9ration<\/li>\n \t<li>162 | Pr\u00e9sence d&rsquo;un tableau synth\u00e9tique r\u00e9sumant les conventions r\u00e9glement\u00e9es en cours et \u00e0 voter, avec pr\u00e9cision de l&rsquo;int\u00e9r\u00eat pour la soci\u00e9t\u00e9, du niveau de significativit\u00e9 et des prestations effectivement factur\u00e9es<\/li>\n \t<li class=\"bulletBlue\">163 | Pr\u00e9sence de la m\u00e9thodologie retenue pour le calcul des ratios d&rsquo;\u00e9quit\u00e9, avec pr\u00e9cision du pourcentage des effectifs repr\u00e9sent\u00e9s dans le p\u00e9rim\u00e8tre retenu, de l&rsquo;int\u00e9gralit\u00e9 des \u00e9l\u00e9ments de la r\u00e9mun\u00e9ration des dirigeants mandataires sociaux et l&rsquo;int\u00e9gralit\u00e9 de celle vers\u00e9e ou attribu\u00e9e aux salari\u00e9s au cours de l&rsquo;exercice ou justification de non int\u00e9gration<\/li>\n \t<li class=\"bulletBlue\">164 | Publication d&rsquo;un ratio repr\u00e9sentant 80% ou plus des salari\u00e9s et\/ou d&rsquo;un ratio compl\u00e9mentaire sur le p\u00e9rim\u00e8tre France et\/ou Europe<\/li>\n \t<li class=\"bulletBlue\">165 | Pr\u00e9sence sous forme de tableau conforme au mod\u00e8le AMF des taux d&rsquo;atteinte des objectifs fix\u00e9s pour chacun des crit\u00e8res d\u00e9terminant la r\u00e9mun\u00e9ration variable annuelle<\/li>\n \t<li class=\"bulletBlue\">166 | Pr\u00e9cision du p\u00e9rim\u00e8tre retenu pour chaque crit\u00e8re RSE inclus dans la r\u00e9mun\u00e9ration des dirigeants mandataires sociaux<\/li>\n \t<li>167 | Pr\u00e9sence d&rsquo;un tableau r\u00e9capitulatif des r\u00e9sultats des votes de l&rsquo;ensemble des r\u00e9solutions relatives aux r\u00e9mun\u00e9rations des mandataires sociaux lors de l&rsquo;AG N-1<\/li>\n \t<li>168 | Pr\u00e9sentation sous forme de tableau des taux d&rsquo;atteinte des crit\u00e8res d\u00e9finissant la r\u00e9mun\u00e9ration variable long terme<\/li>\n \t<li class=\"bulletGreen\">169 | Mise en avant dans un graphique de la part de la r\u00e9mun\u00e9ration variable li\u00e9e aux crit\u00e8res ESG<\/li>\n \t<li>170 | Pr\u00e9sentation sous forme d&rsquo;un tableau sur 5 ans du nombre d&rsquo;actions autoris\u00e9es, allou\u00e9es et vers\u00e9es au titre des actions de performance<\/li>\n<\/ul>\t\t\t\t\t\t\t\t<\/div>\n\t\t\t\t<\/div>\n\t\t\t\t\t<\/div>\n\t\t\t\t<\/div>\n\t\t\t\t\t<\/details>\n\t\t\t\t\t\t<details id=\"e-n-accordion-item-1348\" class=\"e-n-accordion-item\" >\n\t\t\t\t<summary class=\"e-n-accordion-item-title\" data-accordion-index=\"9\" tabindex=\"-1\" aria-expanded=\"false\" aria-controls=\"e-n-accordion-item-1348\" >\n\t\t\t\t\t<span class='e-n-accordion-item-title-header'><h3 class=\"e-n-accordion-item-title-text\"> Crit\u00e8res des comptes <\/h3><\/span>\n\t\t\t\t\t\t\t<span class='e-n-accordion-item-title-icon'>\n\t\t\t<span class='e-opened' ><i aria-hidden=\"true\" class=\"far fa-arrow-up\"><\/i><\/span>\n\t\t\t<span class='e-closed'><i aria-hidden=\"true\" class=\"far fa-arrow-down\"><\/i><\/span>\n\t\t<\/span>\n\n\t\t\t\t\t\t<\/summary>\n\t\t\t\t<div role=\"region\" aria-labelledby=\"e-n-accordion-item-1348\" class=\"elementor-element elementor-element-43ec4d6 e-flex e-con-boxed e-con e-child\" data-id=\"43ec4d6\" data-element_type=\"container\" data-e-type=\"container\">\n\t\t\t\t\t<div class=\"e-con-inner\">\n\t\t<div role=\"region\" aria-labelledby=\"e-n-accordion-item-1348\" class=\"elementor-element elementor-element-f2a0c08 e-con-full e-flex e-con e-child\" data-id=\"f2a0c08\" data-element_type=\"container\" data-e-type=\"container\">\n\t\t\t\t<div class=\"elementor-element elementor-element-e0c5bea elementor-widget elementor-widget-text-editor\" data-id=\"e0c5bea\" data-element_type=\"widget\" data-e-type=\"widget\" data-widget_type=\"text-editor.default\">\n\t\t\t\t\t\t\t\t\t<ul class=\"list-colors\">\n \t<li class=\"bulletPink\">171 | Pr\u00e9sence de graphiques dans les notes annexes aux comptes consolid\u00e9s (3 minimum)<\/li>\n \t<li class=\"bulletGreen\">172 | Tableaux de sensibilit\u00e9 aux risques de taux et de change<\/li>\n \t<li class=\"bulletPink\">173 | Sommaire pr\u00e9c\u00e9dant les notes annexes aux comptes consolid\u00e9s<\/li>\n \t<li class=\"bulletGreen\">174 | Sommaire structur\u00e9 des notes annexes aux comptes consolid\u00e9s<\/li>\n \t<li class=\"bulletGreen\">175 | Structuration des notes annexes aux comptes consolid\u00e9s<\/li>\n \t<li class=\"bulletGreen\">176 | Colonne \u00ab Ann\u00e9e de r\u00e9f\u00e9rence \u00bb \u00e0 gauche dans les comptes<\/li>\n \t<li class=\"bulletBlue\">177 | Mention de la capacit\u00e9 d&rsquo;autofinancement dans le tableau des flux de tr\u00e9sorerie<\/li>\n \t<li class=\"bulletBlue\">178 | Risques environnementaux: mention des impacts des engagements climatiques sur les performances financi\u00e8res<\/li>\n \t<li class=\"bulletBlue\">179 | Pr\u00e9sentation des travaux ayant permis d&rsquo;appr\u00e9cier l&rsquo;impact, ou non, des engagements climatiques sur la performance financi\u00e8re de l&rsquo;entreprise (principaux jugements, estimations effectu\u00e9es et horizon de temps retenu)<\/li>\n \t<li class=\"bulletBlue\">180 | Pr\u00e9sence dans le sommaire des notes annexes aux comptes d&rsquo;une note d\u00e9di\u00e9e \u00e0 l&rsquo;impact du changement climatique<\/li>\n<\/ul>\t\t\t\t\t\t\t\t<\/div>\n\t\t\t\t<\/div>\n\t\t\t\t\t<\/div>\n\t\t\t\t<\/div>\n\t\t\t\t\t<\/details>\n\t\t\t\t\t\t<details id=\"e-n-accordion-item-1349\" class=\"e-n-accordion-item\" >\n\t\t\t\t<summary class=\"e-n-accordion-item-title\" data-accordion-index=\"10\" tabindex=\"-1\" aria-expanded=\"false\" aria-controls=\"e-n-accordion-item-1349\" >\n\t\t\t\t\t<span class='e-n-accordion-item-title-header'><h3 class=\"e-n-accordion-item-title-text\"> Crit\u00e8res autres <\/h3><\/span>\n\t\t\t\t\t\t\t<span class='e-n-accordion-item-title-icon'>\n\t\t\t<span class='e-opened' ><i aria-hidden=\"true\" class=\"far fa-arrow-up\"><\/i><\/span>\n\t\t\t<span class='e-closed'><i aria-hidden=\"true\" class=\"far fa-arrow-down\"><\/i><\/span>\n\t\t<\/span>\n\n\t\t\t\t\t\t<\/summary>\n\t\t\t\t<div role=\"region\" aria-labelledby=\"e-n-accordion-item-1349\" class=\"elementor-element elementor-element-03bf958 e-flex e-con-boxed e-con e-child\" data-id=\"03bf958\" data-element_type=\"container\" data-e-type=\"container\">\n\t\t\t\t\t<div class=\"e-con-inner\">\n\t\t<div role=\"region\" aria-labelledby=\"e-n-accordion-item-1349\" class=\"elementor-element elementor-element-a499aef e-con-full e-flex e-con e-child\" data-id=\"a499aef\" data-element_type=\"container\" data-e-type=\"container\">\n\t\t\t\t<div class=\"elementor-element elementor-element-c973e8d elementor-widget elementor-widget-text-editor\" data-id=\"c973e8d\" data-element_type=\"widget\" data-e-type=\"widget\" data-widget_type=\"text-editor.default\">\n\t\t\t\t\t\t\t\t\t<ul class=\"list-colors\">\n  <li class=\"bulletGreen\">181 | Structure du capital, avec sous-totaux significatifs, lignes pertinentes et distinction droits de vote th\u00e9oriques\/droits de vote exer\u00e7ables dans un tableau d&rsquo;\u00e9volution sur 3 ans<\/li>\n  <li class=\"bulletOrange\">182 | Date de d\u00e9p\u00f4t \u00e0 l&rsquo;AMF au maximum 5 jours apr\u00e8s la date moyenne de d\u00e9p\u00f4t de l&rsquo;indice<\/li>\n  <li class=\"bulletOrange\">183 | Publication de la version anglaise au maximum 7 jours apr\u00e8s la date de d\u00e9p\u00f4t \u00e0 l&rsquo;AMF de la version fran\u00e7aise<\/li>\n  <li class=\"bulletOrange\">184 | Ecart maximum entre la date de publication des r\u00e9sultats (communiqu\u00e9) et le d\u00e9p\u00f4t \u00e0 l&rsquo;AMF = \u00e9cart moyen de l&rsquo;indice + 2 jours<\/li>\n  <li class=\"bulletGreen\">185 | Droits de vote des actionnaires d\u00e9tenant plus de 5% du capital<\/li>\n  <li>186 | Pr\u00e9sentation sous forme d&rsquo;un tableau sur 5 ans du nombre d&rsquo;actions distribu\u00e9es dans le cadre d&rsquo;une op\u00e9ration d&rsquo;actionnariat salari\u00e9 ainsi que le nombre de b\u00e9n\u00e9ficiaires et le pourcentage de salari\u00e9s concern\u00e9s<\/li>\n<\/ul>\n\t\t\t\t\t\t\t\t<\/div>\n\t\t\t\t<\/div>\n\t\t\t\t\t<\/div>\n\t\t\t\t<\/div>\n\t\t\t\t\t<\/details>\n\t\t\t\t\t\t<details id=\"e-n-accordion-item-13410\" class=\"e-n-accordion-item\" >\n\t\t\t\t<summary class=\"e-n-accordion-item-title\" data-accordion-index=\"11\" tabindex=\"-1\" aria-expanded=\"false\" aria-controls=\"e-n-accordion-item-13410\" >\n\t\t\t\t\t<span class='e-n-accordion-item-title-header'><h3 class=\"e-n-accordion-item-title-text\"> Crit\u00e8res de langage clair <\/h3><\/span>\n\t\t\t\t\t\t\t<span class='e-n-accordion-item-title-icon'>\n\t\t\t<span class='e-opened' ><i aria-hidden=\"true\" class=\"far fa-arrow-up\"><\/i><\/span>\n\t\t\t<span class='e-closed'><i aria-hidden=\"true\" class=\"far fa-arrow-down\"><\/i><\/span>\n\t\t<\/span>\n\n\t\t\t\t\t\t<\/summary>\n\t\t\t\t<div role=\"region\" aria-labelledby=\"e-n-accordion-item-13410\" class=\"elementor-element elementor-element-b734a97 e-flex e-con-boxed e-con e-child\" data-id=\"b734a97\" data-element_type=\"container\" data-e-type=\"container\">\n\t\t\t\t\t<div class=\"e-con-inner\">\n\t\t<div role=\"region\" aria-labelledby=\"e-n-accordion-item-13410\" class=\"elementor-element elementor-element-c3b4de4 e-con-full e-flex e-con e-child\" data-id=\"c3b4de4\" data-element_type=\"container\" data-e-type=\"container\">\n\t\t\t\t<div class=\"elementor-element elementor-element-00bda2e elementor-widget elementor-widget-text-editor\" data-id=\"00bda2e\" data-element_type=\"widget\" data-e-type=\"widget\" data-widget_type=\"text-editor.default\">\n\t\t\t\t\t\t\t\t\t<ul class=\"list-colors\">\n  <li class=\"bulletGreen\">187 | Moins de 20 mots par phrase<\/li>\n  <li class=\"bulletGreen\">188 | Plus de 98% des phrases \u00e0 la forme active<\/li>\n  <li class=\"bulletGreen\">189 | Plus de 98% des phrases \u00e0 la forme affirmative<\/li>\n  <li class=\"bulletGreen\">190 | Maximum 20% de phrases complexes<\/li>\n  <li class=\"bulletGreen\">191 | Pas plus de 1% de phrases non-verbales<\/li>\n  <li class=\"bulletGreen\">192 | Pas plus de 15 % de phrases avec des parenth\u00e8ses<\/li>\n  <li class=\"bulletGreen\">193 | Moins de 7% d&rsquo;adjectifs<\/li>\n  <li class=\"bulletGreen\">194 | Moins de 2% d&rsquo;adverbes<\/li>\n  <li class=\"bulletGreen\">195 | Moins de 0,5% de latinismes, anglicismes, mots anglais<\/li>\n  <li class=\"bulletGreen\">196 | Moins de 0,5 % de mots soutenus, \u00e9labor\u00e9s, vieillis<\/li>\n  <li class=\"bulletGreen\">197 | Pas plus de 80 mots par paragraphe<\/li>\n  <li class=\"bulletGreen\">198 | Pas plus de 4 paragraphes apr\u00e8s un sous-titre\/intertitre<\/li>\n  <li class=\"bulletGreen\">199 | Au moins 25% des titres comportent un verbe<\/li>\n  <li class=\"bulletGreen\">200 | Moins de 20 mots par puce<\/li>\n<\/ul>\n\t\t\t\t\t\t\t\t<\/div>\n\t\t\t\t<\/div>\n\t\t\t\t\t<\/div>\n\t\t\t\t<\/div>\n\t\t\t\t\t<\/details>\n\t\t\t\t\t<\/div>\n\t\t\t\t\t\t<\/div>\n\t\t\t\t<div class=\"elementor-element elementor-element-f558c44 elementor-widget elementor-widget-heading\" data-id=\"f558c44\" data-element_type=\"widget\" data-e-type=\"widget\" data-widget_type=\"heading.default\">\n\t\t\t\t\t<h3 class=\"elementor-heading-title elementor-size-default\">Site internet<\/h3>\t\t\t\t<\/div>\n\t\t\t\t<div class=\"elementor-element elementor-element-1de5d84 elementor-widget elementor-widget-n-accordion\" data-id=\"1de5d84\" data-element_type=\"widget\" data-e-type=\"widget\" data-settings=\"{&quot;default_state&quot;:&quot;all_collapsed&quot;,&quot;max_items_expended&quot;:&quot;one&quot;,&quot;n_accordion_animation_duration&quot;:{&quot;unit&quot;:&quot;ms&quot;,&quot;size&quot;:400,&quot;sizes&quot;:[]}}\" data-widget_type=\"nested-accordion.default\">\n\t\t\t\t\t\t\t<div class=\"e-n-accordion\" aria-label=\"Accordion. Open links with Enter or Space, close with Escape, and navigate with Arrow Keys\">\n\t\t\t\t\t\t<details id=\"e-n-accordion-item-3130\" class=\"e-n-accordion-item\" >\n\t\t\t\t<summary class=\"e-n-accordion-item-title\" data-accordion-index=\"1\" tabindex=\"0\" aria-expanded=\"false\" aria-controls=\"e-n-accordion-item-3130\" >\n\t\t\t\t\t<span class='e-n-accordion-item-title-header'><h3 class=\"e-n-accordion-item-title-text\"> Crit\u00e8res de navigation <\/h3><\/span>\n\t\t\t\t\t\t\t<span class='e-n-accordion-item-title-icon'>\n\t\t\t<span class='e-opened' ><i aria-hidden=\"true\" class=\"far fa-arrow-up\"><\/i><\/span>\n\t\t\t<span class='e-closed'><i aria-hidden=\"true\" class=\"far fa-arrow-down\"><\/i><\/span>\n\t\t<\/span>\n\n\t\t\t\t\t\t<\/summary>\n\t\t\t\t<div role=\"region\" aria-labelledby=\"e-n-accordion-item-3130\" class=\"elementor-element elementor-element-e2a8892 e-flex e-con-boxed e-con e-child\" data-id=\"e2a8892\" data-element_type=\"container\" data-e-type=\"container\">\n\t\t\t\t\t<div class=\"e-con-inner\">\n\t\t<div role=\"region\" aria-labelledby=\"e-n-accordion-item-3130\" class=\"elementor-element elementor-element-088477b e-con-full e-flex e-con e-child\" data-id=\"088477b\" data-element_type=\"container\" data-e-type=\"container\">\n\t\t\t\t<div class=\"elementor-element elementor-element-7f37512 elementor-widget elementor-widget-text-editor\" data-id=\"7f37512\" data-element_type=\"widget\" data-e-type=\"widget\" data-widget_type=\"text-editor.default\">\n\t\t\t\t\t\t\t\t\t<ul class=\"list-colors\">\n \t<li>201 | Rubrique \u00ab information r\u00e9glement\u00e9e \u00bb d\u00e8s la page d&rsquo;accueil \u00ab groupe \u00bb ou \u00ab investisseurs \u00bb<\/li>\n \t<li>202 | Pas plus de deux clics pour acc\u00e9der au DEU-URD\/RFA depuis la page d&rsquo;accueil \u00ab investisseurs \u00bb<\/li>\n \t<li>203 | Existence d&rsquo;un menu avec un acc\u00e8s direct aux sous-rubriques<\/li>\n \t<li>204 | Performance du moteur de recherche<\/li>\n \t<li>205 | Existence d&rsquo;un \u00ab plan du site \u00bb avec menu et sous-menus<\/li>\n \t<li>206 | Acc\u00e8s facile depuis le moteur de recherche du site internet de l&rsquo;entreprise aux th\u00e9matiques \u00ab \u00e9thique \u00bb, \u00ab corruption \u00bb, \u00ab strat\u00e9gie \u00bb et \u00ab d\u00e9veloppement durable \u00bb<\/li>\n<\/ul>\t\t\t\t\t\t\t\t<\/div>\n\t\t\t\t<\/div>\n\t\t\t\t\t<\/div>\n\t\t\t\t<\/div>\n\t\t\t\t\t<\/details>\n\t\t\t\t\t\t<details id=\"e-n-accordion-item-3131\" class=\"e-n-accordion-item\" >\n\t\t\t\t<summary class=\"e-n-accordion-item-title\" data-accordion-index=\"2\" tabindex=\"-1\" aria-expanded=\"false\" aria-controls=\"e-n-accordion-item-3131\" >\n\t\t\t\t\t<span class='e-n-accordion-item-title-header'><h3 class=\"e-n-accordion-item-title-text\"> Crit\u00e8res g\u00e9n\u00e9raux <\/h3><\/span>\n\t\t\t\t\t\t\t<span class='e-n-accordion-item-title-icon'>\n\t\t\t<span class='e-opened' ><i aria-hidden=\"true\" class=\"far fa-arrow-up\"><\/i><\/span>\n\t\t\t<span class='e-closed'><i aria-hidden=\"true\" class=\"far fa-arrow-down\"><\/i><\/span>\n\t\t<\/span>\n\n\t\t\t\t\t\t<\/summary>\n\t\t\t\t<div role=\"region\" aria-labelledby=\"e-n-accordion-item-3131\" class=\"elementor-element elementor-element-cd95297 e-flex e-con-boxed e-con e-child\" data-id=\"cd95297\" data-element_type=\"container\" data-e-type=\"container\">\n\t\t\t\t\t<div class=\"e-con-inner\">\n\t\t<div role=\"region\" aria-labelledby=\"e-n-accordion-item-3131\" class=\"elementor-element elementor-element-7cb4a59 e-con-full e-flex e-con e-child\" data-id=\"7cb4a59\" data-element_type=\"container\" data-e-type=\"container\">\n\t\t\t\t<div class=\"elementor-element elementor-element-6aa429b elementor-widget elementor-widget-text-editor\" data-id=\"6aa429b\" data-element_type=\"widget\" data-e-type=\"widget\" data-widget_type=\"text-editor.default\">\n\t\t\t\t\t\t\t\t\t<ul class=\"list-colors\">\n \t<li>207 | Acc\u00e8s direct via un navigateur au document d&rsquo;enregistrement universel de l&rsquo;ann\u00e9e en cours<\/li>\n \t<li>208 | Existence d&rsquo;une version interactive du document d&rsquo;enregistrement universel<\/li>\n \t<li>209 | Version interactive du document d&rsquo;enregistrement universel: pr\u00e9sence dans la partie \u00ab information r\u00e9glement\u00e9e \u00bb, de m\u00eame que le PDF<\/li>\n \t<li>210 | Possibilit\u00e9 d&rsquo;inscription \u00e0 un flux RSS ou \u00e0 une newsletter par e-mail<\/li>\n \t<li>211 | Consentement pr\u00e9alable au d\u00e9p\u00f4t de cookies: pr\u00e9sence des 3 possibilit\u00e9s, \u00e0 savoir \u00ab Tout refuser \u00bb, \u00ab Tout accepter \u00bb et \u00ab Personnaliser mes choix \u00bb<\/li>\n \t<li>212 | Pr\u00e9sence du sch\u00e9ma pluriannuel de mise en accessibilit\u00e9 du site accompagn\u00e9 des plans d&rsquo;action annuels, sur 3 ans maximum<\/li>\n \t<li>213 | Mise \u00e0 disposition du DEU au format PDF en plus de la version ESEF<\/li>\n \t<li>214 | Publication du DEU au format xHTML avec liseuse dans la rubrique investisseurs du site corporate<\/li>\n \t<li>215 | Adaptation du format ESEF du DEU \u00e0 la lecture sur \u00e9cran: pr\u00e9sence d&rsquo;un menu interactif et mise en page sur une colonne<\/li>\n \t<li>216 | Version digitale du Rapport financier semestriel disponible sur le site corporate<\/li>\n \t<li>217 | Temps de recherche de l&rsquo;ensemble des crit\u00e8res du site \u00e9gal ou inf\u00e9rieur au temps de recherche moyen du SBF 120<\/li>\n \t<li>218 | Appellation de la rubrique : \u00ab Investisseurs \u00bb (avec, le cas \u00e9ch\u00e9ant, un autre terme associ\u00e9)<\/li>\n \t<li>219 | Page d&rsquo;accueil \u00ab Investisseurs \u00bb identique en versions fran\u00e7aise et anglaise<\/li>\n \t<li>220 | Appellation \u00ab Information r\u00e9glement\u00e9e \u00bb<\/li>\n \t<li>221 | Appellation \u00ab Regulated information \u00bb<\/li>\n \t<li>222 | Distinction \u00ab Information p\u00e9riodique \u00bb et \u00ab Information permanente \u00bb<\/li>\n \t<li>223 | Pr\u00e9sence minimum des rubriques \u00ab Activit\u00e9s \u00bb, \u00ab Strat\u00e9gie \u00bb, \u00ab Gouvernance \u00bb et \u00ab RSE \u00bb sur la page d&rsquo;accueil du site corporate aux c\u00f4t\u00e9s de la rubrique \u00ab Investisseurs \u00bb<\/li>\n \t<li>224 | Pr\u00e9sence effective de toutes les rubriques d&rsquo;information r\u00e9glement\u00e9e telles que d\u00e9finies dans l&rsquo;article 221-1 du r\u00e8glement g\u00e9n\u00e9ral de l&rsquo;AMF dans la rubrique d\u00e9di\u00e9e<\/li>\n \t<li>225 | Pr\u00e9sence effective des communiqu\u00e9s de mise \u00e0 disposition et des documents p\u00e9riodiques dans la rubrique \u00ab information r\u00e9glement\u00e9e \u00bb<\/li>\n \t<li>226 | Pr\u00e9sence des cinq derniers Rapports financiers annuels (ou DEU) dans la rubrique \u00ab information r\u00e9glement\u00e9e \u00bb<\/li>\n \t<li>227 | Indication de la date de publication des documents<\/li>\n \t<li>228 | Indication du poids des documents<\/li>\n \t<li>229 | Pr\u00e9sence et acc\u00e8s rapide aux statuts de la soci\u00e9t\u00e9 actualis\u00e9s dans la rubrique AG ou lien direct vers document \u00e0 jour<\/li>\n \t<li>230 | Coh\u00e9rence entre l&rsquo;appellation sur le site et sur la couverture des documents annuels et semestriels<\/li>\n \t<li>231 | Pr\u00e9sence de la d\u00e9claration d&rsquo;accessibilit\u00e9 et\/ou du pourcentage d&rsquo;accessibilit\u00e9<\/li>\n<\/ul>\t\t\t\t\t\t\t\t<\/div>\n\t\t\t\t<\/div>\n\t\t\t\t\t<\/div>\n\t\t\t\t<\/div>\n\t\t\t\t\t<\/details>\n\t\t\t\t\t\t<details id=\"e-n-accordion-item-3132\" class=\"e-n-accordion-item\" >\n\t\t\t\t<summary class=\"e-n-accordion-item-title\" data-accordion-index=\"3\" tabindex=\"-1\" aria-expanded=\"false\" aria-controls=\"e-n-accordion-item-3132\" >\n\t\t\t\t\t<span class='e-n-accordion-item-title-header'><h3 class=\"e-n-accordion-item-title-text\"> Crit\u00e8res d'Assembl\u00e9e G\u00e9n\u00e9rale <\/h3><\/span>\n\t\t\t\t\t\t\t<span class='e-n-accordion-item-title-icon'>\n\t\t\t<span class='e-opened' ><i aria-hidden=\"true\" class=\"far fa-arrow-up\"><\/i><\/span>\n\t\t\t<span class='e-closed'><i aria-hidden=\"true\" class=\"far fa-arrow-down\"><\/i><\/span>\n\t\t<\/span>\n\n\t\t\t\t\t\t<\/summary>\n\t\t\t\t<div role=\"region\" aria-labelledby=\"e-n-accordion-item-3132\" class=\"elementor-element elementor-element-fa41d61 e-flex e-con-boxed e-con e-child\" data-id=\"fa41d61\" data-element_type=\"container\" data-e-type=\"container\">\n\t\t\t\t\t<div class=\"e-con-inner\">\n\t\t<div role=\"region\" aria-labelledby=\"e-n-accordion-item-3132\" class=\"elementor-element elementor-element-873dec8 e-con-full e-flex e-con e-child\" data-id=\"873dec8\" data-element_type=\"container\" data-e-type=\"container\">\n\t\t\t\t<div class=\"elementor-element elementor-element-4179047 elementor-widget elementor-widget-text-editor\" data-id=\"4179047\" data-element_type=\"widget\" data-e-type=\"widget\" data-widget_type=\"text-editor.default\">\n\t\t\t\t\t\t\t\t\t<ul class=\"list-colors\">\n  <li>232 | Pas plus de deux clics pour acc\u00e9der \u00e0 la Brochure de convocation et\/ou \u00e0 l&rsquo;avis de r\u00e9union\/convocation au BALO<\/li>\n  <li>233 | Pr\u00e9sence des documents n\u00e9cessaires pour l&rsquo;Assembl\u00e9e g\u00e9n\u00e9rale dans la partie \u00ab modalit\u00e9s de mise \u00e0 disposition des informations pour l&rsquo;Assembl\u00e9e g\u00e9n\u00e9rale \u00bb de la rubrique \u00ab Information r\u00e9glement\u00e9e \u00bb<\/li>\n  <li>234 | Existence d&rsquo;un onglet \u00ab Assembl\u00e9e g\u00e9n\u00e9rale \u00bb complet et \u00e0 jour<\/li>\n  <li>235 | Version interactive de la brochure de convocation<\/li>\n  <li>236 | Informations sur les votes rejet\u00e9s en AG<\/li>\n  <li>237 | Pr\u00e9sence de la date de l&rsquo;Assembl\u00e9e g\u00e9n\u00e9rale N+1 dans le calendrier<\/li>\n  <li>238 | Pr\u00e9cision de l&rsquo;intitul\u00e9 de la r\u00e9solution en plus de son num\u00e9ro dans le tableau pr\u00e9sentant le r\u00e9sultat des votes ainsi que le d\u00e9tail du quorum<\/li>\n  <li>239 | Retransmission de l&rsquo;Assembl\u00e9e g\u00e9n\u00e9rale sur Internet de l&rsquo;\u00e9metteur apr\u00e8s l&rsquo;assembl\u00e9e<\/li>\n<\/ul>\t\t\t\t\t\t\t\t<\/div>\n\t\t\t\t<\/div>\n\t\t\t\t\t<\/div>\n\t\t\t\t<\/div>\n\t\t\t\t\t<\/details>\n\t\t\t\t\t\t<details id=\"e-n-accordion-item-3133\" class=\"e-n-accordion-item\" >\n\t\t\t\t<summary class=\"e-n-accordion-item-title\" data-accordion-index=\"4\" tabindex=\"-1\" aria-expanded=\"false\" aria-controls=\"e-n-accordion-item-3133\" >\n\t\t\t\t\t<span class='e-n-accordion-item-title-header'><h3 class=\"e-n-accordion-item-title-text\"> Crit\u00e8res de relations investisseurs <\/h3><\/span>\n\t\t\t\t\t\t\t<span class='e-n-accordion-item-title-icon'>\n\t\t\t<span class='e-opened' ><i aria-hidden=\"true\" class=\"far fa-arrow-up\"><\/i><\/span>\n\t\t\t<span class='e-closed'><i aria-hidden=\"true\" class=\"far fa-arrow-down\"><\/i><\/span>\n\t\t<\/span>\n\n\t\t\t\t\t\t<\/summary>\n\t\t\t\t<div role=\"region\" aria-labelledby=\"e-n-accordion-item-3133\" class=\"elementor-element elementor-element-904df50 e-flex e-con-boxed e-con e-child\" data-id=\"904df50\" data-element_type=\"container\" data-e-type=\"container\">\n\t\t\t\t\t<div class=\"e-con-inner\">\n\t\t<div role=\"region\" aria-labelledby=\"e-n-accordion-item-3133\" class=\"elementor-element elementor-element-816dc4c e-con-full e-flex e-con e-child\" data-id=\"816dc4c\" data-element_type=\"container\" data-e-type=\"container\">\n\t\t\t\t<div class=\"elementor-element elementor-element-6d828c2 elementor-widget elementor-widget-text-editor\" data-id=\"6d828c2\" data-element_type=\"widget\" data-e-type=\"widget\" data-widget_type=\"text-editor.default\">\n\t\t\t\t\t\t\t\t\t<ul class=\"list-colors\">\n  <li class=\"bulletPink\">240 | Acc\u00e8s facile et public aux slides de pr\u00e9sentations des r\u00e9sultats annuels<\/li>\n  <li>241 | Possibilit\u00e9 d&rsquo;envoyer un e-mail aux relations investisseurs<\/li>\n<li>242 | Pr\u00e9sence des slides de pr\u00e9sentation investisseurs (roadshows et autres rencontres)<\/li>\n  <li class=\"bulletPink\">243 | Pr\u00e9sence de slides de pr\u00e9sentation des ESG Roadshow\/ESG Capital day<\/li>\n  <li>244 | Pr\u00e9sence minimum des sous-rubriques \u00ab Actualit\u00e9s \u00bb, \u00ab Agenda \u00bb, \u00ab Contacts \u00bb et \u00ab Cours de bourse \u00bb dans la rubrique \u00ab Investisseurs \u00bb<\/li>\n  <li>245 | Calendrier des principaux rendez-vous avec un horizon sup\u00e9rieur \u00e0 6 mois<\/li>\n  <li>246 | Acc\u00e8s en 2 clics \u00e0 toute l&rsquo;information financi\u00e8re de l&rsquo;ann\u00e9e: DEU, communiqu\u00e9s de presse des r\u00e9sultats, pr\u00e9sentations investisseurs, replay des pr\u00e9sentations investisseurs<\/li>\n<\/ul>\t\t\t\t\t\t\t\t<\/div>\n\t\t\t\t<\/div>\n\t\t\t\t\t<\/div>\n\t\t\t\t<\/div>\n\t\t\t\t\t<\/details>\n\t\t\t\t\t\t<details id=\"e-n-accordion-item-3134\" class=\"e-n-accordion-item\" >\n\t\t\t\t<summary class=\"e-n-accordion-item-title\" data-accordion-index=\"5\" tabindex=\"-1\" aria-expanded=\"false\" aria-controls=\"e-n-accordion-item-3134\" >\n\t\t\t\t\t<span class='e-n-accordion-item-title-header'><h3 class=\"e-n-accordion-item-title-text\"> Crit\u00e8res de RSE <\/h3><\/span>\n\t\t\t\t\t\t\t<span class='e-n-accordion-item-title-icon'>\n\t\t\t<span class='e-opened' ><i aria-hidden=\"true\" class=\"far fa-arrow-up\"><\/i><\/span>\n\t\t\t<span class='e-closed'><i aria-hidden=\"true\" class=\"far fa-arrow-down\"><\/i><\/span>\n\t\t<\/span>\n\n\t\t\t\t\t\t<\/summary>\n\t\t\t\t<div role=\"region\" aria-labelledby=\"e-n-accordion-item-3134\" class=\"elementor-element elementor-element-ff76442 e-flex e-con-boxed e-con e-child\" data-id=\"ff76442\" data-element_type=\"container\" data-e-type=\"container\">\n\t\t\t\t\t<div class=\"e-con-inner\">\n\t\t<div role=\"region\" aria-labelledby=\"e-n-accordion-item-3134\" class=\"elementor-element elementor-element-2a362d7 e-con-full e-flex e-con e-child\" data-id=\"2a362d7\" data-element_type=\"container\" data-e-type=\"container\">\n\t\t\t\t<div class=\"elementor-element elementor-element-330d2fc elementor-widget elementor-widget-text-editor\" data-id=\"330d2fc\" data-element_type=\"widget\" data-e-type=\"widget\" data-widget_type=\"text-editor.default\">\n\t\t\t\t\t\t\t\t\t<ul class=\"list-colors\">\n  <li class=\"bulletPink\">247 | Onglet D\u00e9veloppement Durable ou RSE clairement identifi\u00e9 et accessible sur le site<\/li>\n  <li class=\"bulletPink\">248 | Rapport RSE\/chapitre RSE du DRF accessible depuis l&rsquo;onglet RSE<\/li>\n  <li class=\"bulletPink\">249 | Existence d&rsquo;un point de contact r\u00e9f\u00e9rent dans l&rsquo;onglet RSE<\/li>\n  <li class=\"bulletPink\">250 | Acc\u00e8s facile (en 3 clics) \u00e0 l&rsquo;index d&rsquo;\u00e9galit\u00e9 professionnelle, des r\u00e9sultats obtenus pour l&rsquo;ensemble des indicateurs de l&rsquo;index et des mesures correctives si index inf\u00e9rieur \u00e0 75 points et des objectifs de progression de chacun des indicateurs si r\u00e9sultat inf\u00e9rieur ou \u00e9gal \u00e0 85 points<\/li>\n  <li class=\"bulletBlue\">251 | Pr\u00e9sence de la pr\u00e9sentation synth\u00e9tique de la strat\u00e9gie RSE et des principaux indicateurs extra-financiers dans les pr\u00e9sentations investisseurs<\/li>\n  <li class=\"bulletBlue\">252 | Pr\u00e9sence d&rsquo;indicateurs\/sujets extra-financiers dans le communiqu\u00e9 des r\u00e9sultats annuels<\/li>\n  <li class=\"bulletBlue\">253 | Pr\u00e9sentation g\u00e9n\u00e9rale de la durabilit\u00e9 incluant la matrice de double mat\u00e9rialit\u00e9, la liste des principaux IROs et la gouvernance RSE<\/li>\n  <li class=\"bulletGreen\">254 | Structure de la rubrique ESG\/D\u00e9veloppement durable\/Durabilit\u00e9 en quatre sous-rubriques: informations\/pr\u00e9sentation g\u00e9n\u00e9rales \/ environnement \/ social-soci\u00e9tal \/ conduite des affaires<\/li>\n<\/ul>\n\t\t\t\t\t\t\t\t<\/div>\n\t\t\t\t<\/div>\n\t\t\t\t\t<\/div>\n\t\t\t\t<\/div>\n\t\t\t\t\t<\/details>\n\t\t\t\t\t\t<details id=\"e-n-accordion-item-3135\" class=\"e-n-accordion-item\" >\n\t\t\t\t<summary class=\"e-n-accordion-item-title\" data-accordion-index=\"6\" tabindex=\"-1\" aria-expanded=\"false\" aria-controls=\"e-n-accordion-item-3135\" >\n\t\t\t\t\t<span class='e-n-accordion-item-title-header'><h3 class=\"e-n-accordion-item-title-text\"> Crit\u00e8re \u00e9thique <\/h3><\/span>\n\t\t\t\t\t\t\t<span class='e-n-accordion-item-title-icon'>\n\t\t\t<span class='e-opened' ><i aria-hidden=\"true\" class=\"far fa-arrow-up\"><\/i><\/span>\n\t\t\t<span class='e-closed'><i aria-hidden=\"true\" class=\"far fa-arrow-down\"><\/i><\/span>\n\t\t<\/span>\n\n\t\t\t\t\t\t<\/summary>\n\t\t\t\t<div role=\"region\" aria-labelledby=\"e-n-accordion-item-3135\" class=\"elementor-element elementor-element-7e8420c e-flex e-con-boxed e-con e-child\" data-id=\"7e8420c\" data-element_type=\"container\" data-e-type=\"container\">\n\t\t\t\t\t<div class=\"e-con-inner\">\n\t\t<div role=\"region\" aria-labelledby=\"e-n-accordion-item-3135\" class=\"elementor-element elementor-element-dee8592 e-con-full e-flex e-con e-child\" data-id=\"dee8592\" data-element_type=\"container\" data-e-type=\"container\">\n\t\t\t\t<div class=\"elementor-element elementor-element-cad9c6d elementor-widget elementor-widget-text-editor\" data-id=\"cad9c6d\" data-element_type=\"widget\" data-e-type=\"widget\" data-widget_type=\"text-editor.default\">\n\t\t\t\t\t\t\t\t\t<ul class=\"list-colors\">\n  <li>255 | Pr\u00e9sence d&rsquo;une rubrique\/sous-rubrique d\u00e9di\u00e9e \u00e0 l&rsquo;\u00e9thique regroupant a minima la charte \u00e9thique et les chartes th\u00e9matiques annexes<\/li>\n<\/ul>\n\t\t\t\t\t\t\t\t<\/div>\n\t\t\t\t<\/div>\n\t\t\t\t\t<\/div>\n\t\t\t\t<\/div>\n\t\t\t\t\t<\/details>\n\t\t\t\t\t\t<details id=\"e-n-accordion-item-3136\" class=\"e-n-accordion-item\" >\n\t\t\t\t<summary class=\"e-n-accordion-item-title\" data-accordion-index=\"7\" tabindex=\"-1\" aria-expanded=\"false\" aria-controls=\"e-n-accordion-item-3136\" >\n\t\t\t\t\t<span class='e-n-accordion-item-title-header'><h3 class=\"e-n-accordion-item-title-text\"> Crit\u00e8res de gouvernance <\/h3><\/span>\n\t\t\t\t\t\t\t<span class='e-n-accordion-item-title-icon'>\n\t\t\t<span class='e-opened' ><i aria-hidden=\"true\" class=\"far fa-arrow-up\"><\/i><\/span>\n\t\t\t<span class='e-closed'><i aria-hidden=\"true\" class=\"far fa-arrow-down\"><\/i><\/span>\n\t\t<\/span>\n\n\t\t\t\t\t\t<\/summary>\n\t\t\t\t<div role=\"region\" aria-labelledby=\"e-n-accordion-item-3136\" class=\"elementor-element elementor-element-4e8cc4b e-flex e-con-boxed e-con e-child\" data-id=\"4e8cc4b\" data-element_type=\"container\" data-e-type=\"container\">\n\t\t\t\t\t<div class=\"e-con-inner\">\n\t\t<div role=\"region\" aria-labelledby=\"e-n-accordion-item-3136\" class=\"elementor-element elementor-element-e92cb0d e-con-full e-flex e-con e-child\" data-id=\"e92cb0d\" data-element_type=\"container\" data-e-type=\"container\">\n\t\t\t\t<div class=\"elementor-element elementor-element-2575310 elementor-widget elementor-widget-text-editor\" data-id=\"2575310\" data-element_type=\"widget\" data-e-type=\"widget\" data-widget_type=\"text-editor.default\">\n\t\t\t\t\t\t\t\t\t<ul class=\"list-colors\">\n  <li>256 | Informations sur les conventions r\u00e9glement\u00e9es facilement accessibles (rubrique sp\u00e9cifique \/ acc\u00e8s en 3 clics maximum)<\/li>\n  <li>257 | Pr\u00e9sence de la charte d\u00e9finissant la qualit\u00e9 de convention r\u00e9glement\u00e9e<\/li>\n<\/ul>\n\t\t\t\t\t\t\t\t<\/div>\n\t\t\t\t<\/div>\n\t\t\t\t\t<\/div>\n\t\t\t\t<\/div>\n\t\t\t\t\t<\/details>\n\t\t\t\t\t\t<details id=\"e-n-accordion-item-3137\" class=\"e-n-accordion-item\" >\n\t\t\t\t<summary class=\"e-n-accordion-item-title\" data-accordion-index=\"8\" tabindex=\"-1\" aria-expanded=\"false\" aria-controls=\"e-n-accordion-item-3137\" >\n\t\t\t\t\t<span class='e-n-accordion-item-title-header'><h3 class=\"e-n-accordion-item-title-text\"> Crit\u00e8res de fonctionnalit\u00e9s <\/h3><\/span>\n\t\t\t\t\t\t\t<span class='e-n-accordion-item-title-icon'>\n\t\t\t<span class='e-opened' ><i aria-hidden=\"true\" class=\"far fa-arrow-up\"><\/i><\/span>\n\t\t\t<span class='e-closed'><i aria-hidden=\"true\" class=\"far fa-arrow-down\"><\/i><\/span>\n\t\t<\/span>\n\n\t\t\t\t\t\t<\/summary>\n\t\t\t\t<div role=\"region\" aria-labelledby=\"e-n-accordion-item-3137\" class=\"elementor-element elementor-element-7e5a596 e-flex e-con-boxed e-con e-child\" data-id=\"7e5a596\" data-element_type=\"container\" data-e-type=\"container\">\n\t\t\t\t\t<div class=\"e-con-inner\">\n\t\t<div role=\"region\" aria-labelledby=\"e-n-accordion-item-3137\" class=\"elementor-element elementor-element-05c01cb e-con-full e-flex e-con e-child\" data-id=\"05c01cb\" data-element_type=\"container\" data-e-type=\"container\">\n\t\t\t\t<div class=\"elementor-element elementor-element-ed6ed92 elementor-widget elementor-widget-text-editor\" data-id=\"ed6ed92\" data-element_type=\"widget\" data-e-type=\"widget\" data-widget_type=\"text-editor.default\">\n\t\t\t\t\t\t\t\t\t<ul class=\"list-colors\">\n \t<li>258 | Version digitale du DEU : sommaire dynamique<\/li>\n \t<li>259 | Version digitale disposant d&rsquo;un centre de t\u00e9l\u00e9chargement Excel permettant de t\u00e9l\u00e9charger en un clic l&rsquo;ensemble des tableaux Excel du document<\/li>\n \t<li>260 | Possibilit\u00e9 de \u00ab bookmarquer \u00bb le contenu en vue de constituer un document de travail en ligne<\/li>\n \t<li>261 | Mise en ligne d&rsquo;un document au format \u00ab machine readable \u00bb issu d&rsquo;un HTML natif<\/li>\n<\/ul>\t\t\t\t\t\t\t\t<\/div>\n\t\t\t\t<\/div>\n\t\t\t\t\t<\/div>\n\t\t\t\t<\/div>\n\t\t\t\t\t<\/details>\n\t\t\t\t\t\t<details id=\"e-n-accordion-item-3138\" class=\"e-n-accordion-item\" >\n\t\t\t\t<summary class=\"e-n-accordion-item-title\" data-accordion-index=\"9\" tabindex=\"-1\" aria-expanded=\"false\" aria-controls=\"e-n-accordion-item-3138\" >\n\t\t\t\t\t<span class='e-n-accordion-item-title-header'><h3 class=\"e-n-accordion-item-title-text\"> Crit\u00e8res de langage clair <\/h3><\/span>\n\t\t\t\t\t\t\t<span class='e-n-accordion-item-title-icon'>\n\t\t\t<span class='e-opened' ><i aria-hidden=\"true\" class=\"far fa-arrow-up\"><\/i><\/span>\n\t\t\t<span class='e-closed'><i aria-hidden=\"true\" class=\"far fa-arrow-down\"><\/i><\/span>\n\t\t<\/span>\n\n\t\t\t\t\t\t<\/summary>\n\t\t\t\t<div role=\"region\" aria-labelledby=\"e-n-accordion-item-3138\" class=\"elementor-element elementor-element-34e0edb e-flex e-con-boxed e-con e-child\" data-id=\"34e0edb\" data-element_type=\"container\" data-e-type=\"container\">\n\t\t\t\t\t<div class=\"e-con-inner\">\n\t\t<div role=\"region\" aria-labelledby=\"e-n-accordion-item-3138\" class=\"elementor-element elementor-element-7fe0ef4 e-con-full e-flex e-con e-child\" data-id=\"7fe0ef4\" data-element_type=\"container\" data-e-type=\"container\">\n\t\t\t\t<div class=\"elementor-element elementor-element-d4d98b3 elementor-widget elementor-widget-text-editor\" data-id=\"d4d98b3\" data-element_type=\"widget\" data-e-type=\"widget\" data-widget_type=\"text-editor.default\">\n\t\t\t\t\t\t\t\t\t<ul class=\"list-colors\">\n  <li>262 | Moins de 20 mots par phrase<\/li>\n  <li>263 | Plus de 98% des phrases \u00e0 la forme active<\/li>\n  <li>264 | Plus de 8% des phrases \u00e0 la forme affirmative<\/li>\n  <li>265 | Maximum 20% de phrases complexes<\/li>\n  <li>266 | Pas plus de 1% de phrases non-verbales<\/li>\n  <li>267 | Pas plus de 15% de phrases avec des parenth\u00e8ses<\/li>\n  <li>268 | Moins de 7% d&rsquo;adjectifs<\/li>\n  <li>269 | Moins de 2% d&rsquo;adverbes<\/li>\n  <li>270 | Moins de 0,5% de latinismes, anglicismes, mots anglais<\/li>\n  <li>271 | Moins de 0,5% de mots soutenus, \u00e9labor\u00e9s, vieillis<\/li>\n  <li>272 | Pas plus de 80 mots par paragraphes<\/li>\n  <li>273 | Pas plus de 4 paragraphes apr\u00e8s un sous-titre\/intertitre<\/li>\n  <li>274 | Au moins 25% des titres comportent un verbe<\/li>\n  <li>275 | Moins de 20 mots par puce<\/li>\n<\/ul>\n\t\t\t\t\t\t\t\t<\/div>\n\t\t\t\t<\/div>\n\t\t\t\t\t<\/div>\n\t\t\t\t<\/div>\n\t\t\t\t\t<\/details>\n\t\t\t\t\t<\/div>\n\t\t\t\t\t\t<\/div>\n\t\t\t\t<div class=\"elementor-element elementor-element-730beec elementor-widget elementor-widget-heading\" data-id=\"730beec\" data-element_type=\"widget\" data-e-type=\"widget\" data-widget_type=\"heading.default\">\n\t\t\t\t\t<h3 class=\"elementor-heading-title elementor-size-default\">Brochure de convocation<\/h3>\t\t\t\t<\/div>\n\t\t\t\t<div class=\"elementor-element elementor-element-e0f1ca1 elementor-widget elementor-widget-n-accordion\" data-id=\"e0f1ca1\" data-element_type=\"widget\" data-e-type=\"widget\" data-settings=\"{&quot;default_state&quot;:&quot;all_collapsed&quot;,&quot;max_items_expended&quot;:&quot;one&quot;,&quot;n_accordion_animation_duration&quot;:{&quot;unit&quot;:&quot;ms&quot;,&quot;size&quot;:400,&quot;sizes&quot;:[]}}\" data-widget_type=\"nested-accordion.default\">\n\t\t\t\t\t\t\t<div class=\"e-n-accordion\" aria-label=\"Accordion. Open links with Enter or Space, close with Escape, and navigate with Arrow Keys\">\n\t\t\t\t\t\t<details id=\"e-n-accordion-item-2350\" class=\"e-n-accordion-item\" >\n\t\t\t\t<summary class=\"e-n-accordion-item-title\" data-accordion-index=\"1\" tabindex=\"0\" aria-expanded=\"false\" aria-controls=\"e-n-accordion-item-2350\" >\n\t\t\t\t\t<span class='e-n-accordion-item-title-header'><h3 class=\"e-n-accordion-item-title-text\"> Crit\u00e8res de navigation <\/h3><\/span>\n\t\t\t\t\t\t\t<span class='e-n-accordion-item-title-icon'>\n\t\t\t<span class='e-opened' ><i aria-hidden=\"true\" class=\"far fa-arrow-up\"><\/i><\/span>\n\t\t\t<span class='e-closed'><i aria-hidden=\"true\" class=\"far fa-arrow-down\"><\/i><\/span>\n\t\t<\/span>\n\n\t\t\t\t\t\t<\/summary>\n\t\t\t\t<div role=\"region\" aria-labelledby=\"e-n-accordion-item-2350\" class=\"elementor-element elementor-element-bce8838 e-flex e-con-boxed e-con e-child\" data-id=\"bce8838\" data-element_type=\"container\" data-e-type=\"container\">\n\t\t\t\t\t<div class=\"e-con-inner\">\n\t\t<div role=\"region\" aria-labelledby=\"e-n-accordion-item-2350\" class=\"elementor-element elementor-element-65857c7 e-con-full e-flex e-con e-child\" data-id=\"65857c7\" data-element_type=\"container\" data-e-type=\"container\">\n\t\t\t\t<div class=\"elementor-element elementor-element-c30a403 elementor-widget elementor-widget-text-editor\" data-id=\"c30a403\" data-element_type=\"widget\" data-e-type=\"widget\" data-widget_type=\"text-editor.default\">\n\t\t\t\t\t\t\t\t\t<ul class=\"list-colors\">\n  <li>276 | Sommaire pagin\u00e9, en page 1 ou 2 de couverture<\/li>\n  <li>277 | Pr\u00e9sence de rep\u00e8res de navigation dans le document<\/li>\n  <li>278 | Structure didactique<\/li>\n<\/ul>\t\t\t\t\t\t\t\t<\/div>\n\t\t\t\t<\/div>\n\t\t\t\t\t<\/div>\n\t\t\t\t<\/div>\n\t\t\t\t\t<\/details>\n\t\t\t\t\t\t<details id=\"e-n-accordion-item-2351\" class=\"e-n-accordion-item\" >\n\t\t\t\t<summary class=\"e-n-accordion-item-title\" data-accordion-index=\"2\" tabindex=\"-1\" aria-expanded=\"false\" aria-controls=\"e-n-accordion-item-2351\" >\n\t\t\t\t\t<span class='e-n-accordion-item-title-header'><h3 class=\"e-n-accordion-item-title-text\"> Crit\u00e8res g\u00e9n\u00e9raux <\/h3><\/span>\n\t\t\t\t\t\t\t<span class='e-n-accordion-item-title-icon'>\n\t\t\t<span class='e-opened' ><i aria-hidden=\"true\" class=\"far fa-arrow-up\"><\/i><\/span>\n\t\t\t<span class='e-closed'><i aria-hidden=\"true\" class=\"far fa-arrow-down\"><\/i><\/span>\n\t\t<\/span>\n\n\t\t\t\t\t\t<\/summary>\n\t\t\t\t<div role=\"region\" aria-labelledby=\"e-n-accordion-item-2351\" class=\"elementor-element elementor-element-7fd3a3b e-flex e-con-boxed e-con e-child\" data-id=\"7fd3a3b\" data-element_type=\"container\" data-e-type=\"container\">\n\t\t\t\t\t<div class=\"e-con-inner\">\n\t\t<div role=\"region\" aria-labelledby=\"e-n-accordion-item-2351\" class=\"elementor-element elementor-element-227dab3 e-con-full e-flex e-con e-child\" data-id=\"227dab3\" data-element_type=\"container\" data-e-type=\"container\">\n\t\t\t\t<div class=\"elementor-element elementor-element-eced1d6 elementor-widget elementor-widget-text-editor\" data-id=\"eced1d6\" data-element_type=\"widget\" data-e-type=\"widget\" data-widget_type=\"text-editor.default\">\n\t\t\t\t\t\t\t\t\t<ul class=\"list-colors\">\n \t<li>279 | Publication d&rsquo;une brochure de convocation<\/li>\n \t<li>280 | Appellation \u00ab Brochure de convocation \u00e0 l&rsquo;Assembl\u00e9e g\u00e9n\u00e9rale \u00bb<\/li>\n \t<li>281 | Fusion entre pr\u00e9sentation\/objectifs et textes des projets de r\u00e9solutions<\/li>\n \t<li>282 | Existence d&rsquo;une version anglaise<\/li>\n \t<li>283 | Mention de la tenue de l&rsquo;AG \u00e0 distance et modalit\u00e9s de connexion d\u00e8s la page de sommaire ou en introduction de la partie \u00ab Modalit\u00e9s pratique de participation \u00bb ou sur la couverture<\/li>\n \t<li>284 | Expos\u00e9 sommaire comprenant au minimum des commentaires sur les r\u00e9sultats, des tableaux de comptes r\u00e9sum\u00e9s, les perspectives et\/ou \u00e9v\u00e9nements post-cl\u00f4ture<\/li>\n \t<li>285 | Pr\u00e9sence effective de tous les \u00e9l\u00e9ments n\u00e9cessaires au vote \u00e9clair\u00e9 en termes de gouvernance, r\u00e9mun\u00e9ration et conventions r\u00e9glement\u00e9es<\/li>\n \t<li>286 | Pr\u00e9sence sur la couverture des date, heure, lieu et mode(s) de tenue de l&rsquo;AG<\/li>\n \t<li>287 | Pr\u00e9sence d&rsquo;un message du Pr\u00e9sident personnalis\u00e9<\/li>\n \t<li>288 | Pr\u00e9sence des informations requises par l&rsquo;article R. 225-81 du Code de commerce<\/li>\n<\/ul>\t\t\t\t\t\t\t\t<\/div>\n\t\t\t\t<\/div>\n\t\t\t\t\t<\/div>\n\t\t\t\t<\/div>\n\t\t\t\t\t<\/details>\n\t\t\t\t\t\t<details id=\"e-n-accordion-item-2352\" class=\"e-n-accordion-item\" >\n\t\t\t\t<summary class=\"e-n-accordion-item-title\" data-accordion-index=\"3\" tabindex=\"-1\" aria-expanded=\"false\" aria-controls=\"e-n-accordion-item-2352\" >\n\t\t\t\t\t<span class='e-n-accordion-item-title-header'><h3 class=\"e-n-accordion-item-title-text\"> Crit\u00e8res d'Assembl\u00e9e G\u00e9n\u00e9rale <\/h3><\/span>\n\t\t\t\t\t\t\t<span class='e-n-accordion-item-title-icon'>\n\t\t\t<span class='e-opened' ><i aria-hidden=\"true\" class=\"far fa-arrow-up\"><\/i><\/span>\n\t\t\t<span class='e-closed'><i aria-hidden=\"true\" class=\"far fa-arrow-down\"><\/i><\/span>\n\t\t<\/span>\n\n\t\t\t\t\t\t<\/summary>\n\t\t\t\t<div role=\"region\" aria-labelledby=\"e-n-accordion-item-2352\" class=\"elementor-element elementor-element-e030d45 e-flex e-con-boxed e-con e-child\" data-id=\"e030d45\" data-element_type=\"container\" data-e-type=\"container\">\n\t\t\t\t\t<div class=\"e-con-inner\">\n\t\t<div role=\"region\" aria-labelledby=\"e-n-accordion-item-2352\" class=\"elementor-element elementor-element-f9b3b1e e-con-full e-flex e-con e-child\" data-id=\"f9b3b1e\" data-element_type=\"container\" data-e-type=\"container\">\n\t\t\t\t<div class=\"elementor-element elementor-element-528d769 elementor-widget elementor-widget-text-editor\" data-id=\"528d769\" data-element_type=\"widget\" data-e-type=\"widget\" data-widget_type=\"text-editor.default\">\n\t\t\t\t\t\t\t\t\t<ul class=\"list-colors\">\n  <li>289 | Pr\u00e9cision du lien ou int\u00e9gration d&rsquo;un QR code pour participer \u00e0 distance \u00e0 l&rsquo;AG<\/li>\n  <li>290 | Pr\u00e9sence d&rsquo;un QR code permettant un acc\u00e8s direct \u00e0 l&rsquo;ensemble des informations d&rsquo;AG sur le site internet de l&rsquo;entreprise<\/li>\n  <li>291 | Possibilit\u00e9 de vote \u00e9lectronique pr\u00e9-AG<\/li>\n  <li>292 | D\u00e9lai de prise en consid\u00e9ration des questions \u00e9crites envoy\u00e9es par correspondance ou via internet jusqu&rsquo;\u00e0 48 heures avant l&rsquo;AG<\/li>\n  <li>293 | Pr\u00e9sence des 4 modalit\u00e9s de vote de fa\u00e7on p\u00e9dagogique<\/li>\n  <li>294 | Possibilit\u00e9 de voter \u00e0 distance, en direct<\/li>\n<\/ul> \n\t\t\t\t\t\t\t\t<\/div>\n\t\t\t\t<\/div>\n\t\t\t\t\t<\/div>\n\t\t\t\t<\/div>\n\t\t\t\t\t<\/details>\n\t\t\t\t\t\t<details id=\"e-n-accordion-item-2353\" class=\"e-n-accordion-item\" >\n\t\t\t\t<summary class=\"e-n-accordion-item-title\" data-accordion-index=\"4\" tabindex=\"-1\" aria-expanded=\"false\" aria-controls=\"e-n-accordion-item-2353\" >\n\t\t\t\t\t<span class='e-n-accordion-item-title-header'><h3 class=\"e-n-accordion-item-title-text\"> Crit\u00e8res de RSE  <\/h3><\/span>\n\t\t\t\t\t\t\t<span class='e-n-accordion-item-title-icon'>\n\t\t\t<span class='e-opened' ><i aria-hidden=\"true\" class=\"far fa-arrow-up\"><\/i><\/span>\n\t\t\t<span class='e-closed'><i aria-hidden=\"true\" class=\"far fa-arrow-down\"><\/i><\/span>\n\t\t<\/span>\n\n\t\t\t\t\t\t<\/summary>\n\t\t\t\t<div role=\"region\" aria-labelledby=\"e-n-accordion-item-2353\" class=\"elementor-element elementor-element-6b2b892 e-flex e-con-boxed e-con e-child\" data-id=\"6b2b892\" data-element_type=\"container\" data-e-type=\"container\">\n\t\t\t\t\t<div class=\"e-con-inner\">\n\t\t<div role=\"region\" aria-labelledby=\"e-n-accordion-item-2353\" class=\"elementor-element elementor-element-5717bcc e-con-full e-flex e-con e-child\" data-id=\"5717bcc\" data-element_type=\"container\" data-e-type=\"container\">\n\t\t\t\t<div class=\"elementor-element elementor-element-3792221 elementor-widget elementor-widget-text-editor\" data-id=\"3792221\" data-element_type=\"widget\" data-e-type=\"widget\" data-widget_type=\"text-editor.default\">\n\t\t\t\t\t\t\t\t\t<ul class=\"list-colors\">\n  <li class=\"bulletBlue\">295 | Pr\u00e9sence dans l&rsquo;Expos\u00e9 sommaire, ou les chiffres cl\u00e9s de l&rsquo;ann\u00e9e, d&rsquo;une carte d&rsquo;identit\u00e9 ESG int\u00e9grant les principaux indicateurs environnementaux (\u00e9missions de GES, consommations des ressources), sociaux (nombre de collaborateurs, taux de formation, taux d&rsquo;accidentologie, ratio d&rsquo;\u00e9quit\u00e9) et de Gouvernance (taux de formation \u00e0 l&rsquo;\u00e9thique, bilan des alertes)<\/li>\n  <li class=\"bulletBlue\">296 | Pr\u00e9sentation synth\u00e9tique de la strat\u00e9gie climatique (environnementale) de l&rsquo;entreprise avec a minima la strat\u00e9gie mise en place, le bilan carbone, le plan de transition climatique, la trajectoire, les objectifs poursuivis et les actions mises en \u0153uvre<\/li>\n<\/ul> \t\t\t\t\t\t\t\t<\/div>\n\t\t\t\t<\/div>\n\t\t\t\t\t<\/div>\n\t\t\t\t<\/div>\n\t\t\t\t\t<\/details>\n\t\t\t\t\t\t<details id=\"e-n-accordion-item-2354\" class=\"e-n-accordion-item\" >\n\t\t\t\t<summary class=\"e-n-accordion-item-title\" data-accordion-index=\"5\" tabindex=\"-1\" aria-expanded=\"false\" aria-controls=\"e-n-accordion-item-2354\" >\n\t\t\t\t\t<span class='e-n-accordion-item-title-header'><h3 class=\"e-n-accordion-item-title-text\"> Crit\u00e8res de gouvernance  <\/h3><\/span>\n\t\t\t\t\t\t\t<span class='e-n-accordion-item-title-icon'>\n\t\t\t<span class='e-opened' ><i aria-hidden=\"true\" class=\"far fa-arrow-up\"><\/i><\/span>\n\t\t\t<span class='e-closed'><i aria-hidden=\"true\" class=\"far fa-arrow-down\"><\/i><\/span>\n\t\t<\/span>\n\n\t\t\t\t\t\t<\/summary>\n\t\t\t\t<div role=\"region\" aria-labelledby=\"e-n-accordion-item-2354\" class=\"elementor-element elementor-element-6977c69 e-flex e-con-boxed e-con e-child\" data-id=\"6977c69\" data-element_type=\"container\" data-e-type=\"container\">\n\t\t\t\t\t<div class=\"e-con-inner\">\n\t\t<div role=\"region\" aria-labelledby=\"e-n-accordion-item-2354\" class=\"elementor-element elementor-element-30f1c4d e-con-full e-flex e-con e-child\" data-id=\"30f1c4d\" data-element_type=\"container\" data-e-type=\"container\">\n\t\t\t\t<div class=\"elementor-element elementor-element-d847230 elementor-widget elementor-widget-text-editor\" data-id=\"d847230\" data-element_type=\"widget\" data-e-type=\"widget\" data-widget_type=\"text-editor.default\">\n\t\t\t\t\t\t\t\t\t<ul class=\"list-colors\">\n  <li class=\"bulletGreen\">297 | Cartographie des principales comp\u00e9tences r\u00e9unies au sein du Conseil<\/li>\n  <li>298 | Pas de dispersion des informations relatives aux administrateurs dont le renouvellement ou la nomination est soumis \u00e0 l&rsquo;AG<\/li>\n  <li>299 | Informations sur les administrateurs en poste \u00e0 nommer ou \u00e0 renouveler<\/li>\n  <li>300 | Pr\u00e9sentation graphique de la composition du Conseil<\/li>\n  <li>301 | Informations sur l&rsquo;assiduit\u00e9 aux r\u00e9unions du Conseil<\/li>\n  <li>302 | Pr\u00e9sence d&rsquo;arguments justifiant explicitement la proposition de nomination ou de renouvellement d&rsquo;administrateurs, notamment la valeur ajout\u00e9e des candidats par rapport aux comp\u00e9tences d\u00e9j\u00e0 pr\u00e9sentes au sein du Conseil<\/li>\n  <li>303 | Pr\u00e9sence du tableau sur l&rsquo;utilisation des d\u00e9l\u00e9gations de comp\u00e9tences en cours<\/li>\n  <li>304 | Acc\u00e8s facile aux informations de dates de nomination et de renouvellement des administrateurs<\/li>\n  <li>305 | Pr\u00e9sentation d&rsquo;un expos\u00e9 sur l&rsquo;activit\u00e9 des Comit\u00e9s du Conseil<\/li>\n  <li>306 | Pr\u00e9sentation d&rsquo;un expos\u00e9 synth\u00e9tique sur l&rsquo;activit\u00e9 et l&rsquo;\u00e9valuation du Conseil<\/li>\n<\/ul>\n\t\t\t\t\t\t\t\t<\/div>\n\t\t\t\t<\/div>\n\t\t\t\t\t<\/div>\n\t\t\t\t<\/div>\n\t\t\t\t\t<\/details>\n\t\t\t\t\t\t<details id=\"e-n-accordion-item-2355\" class=\"e-n-accordion-item\" >\n\t\t\t\t<summary class=\"e-n-accordion-item-title\" data-accordion-index=\"6\" tabindex=\"-1\" aria-expanded=\"false\" aria-controls=\"e-n-accordion-item-2355\" >\n\t\t\t\t\t<span class='e-n-accordion-item-title-header'><h3 class=\"e-n-accordion-item-title-text\"> Crit\u00e8res de r\u00e9mun\u00e9ration <\/h3><\/span>\n\t\t\t\t\t\t\t<span class='e-n-accordion-item-title-icon'>\n\t\t\t<span class='e-opened' ><i aria-hidden=\"true\" class=\"far fa-arrow-up\"><\/i><\/span>\n\t\t\t<span class='e-closed'><i aria-hidden=\"true\" class=\"far fa-arrow-down\"><\/i><\/span>\n\t\t<\/span>\n\n\t\t\t\t\t\t<\/summary>\n\t\t\t\t<div role=\"region\" aria-labelledby=\"e-n-accordion-item-2355\" class=\"elementor-element elementor-element-63eeb91 e-flex e-con-boxed e-con e-child\" data-id=\"63eeb91\" data-element_type=\"container\" data-e-type=\"container\">\n\t\t\t\t\t<div class=\"e-con-inner\">\n\t\t<div role=\"region\" aria-labelledby=\"e-n-accordion-item-2355\" class=\"elementor-element elementor-element-7388819 e-con-full e-flex e-con e-child\" data-id=\"7388819\" data-element_type=\"container\" data-e-type=\"container\">\n\t\t\t\t<div class=\"elementor-element elementor-element-0d03663 elementor-widget elementor-widget-text-editor\" data-id=\"0d03663\" data-element_type=\"widget\" data-e-type=\"widget\" data-widget_type=\"text-editor.default\">\n\t\t\t\t\t\t\t\t\t<ul class=\"list-colors\">\n \t<li>307 | Pr\u00e9sence d&rsquo;un tableau synth\u00e9tique pr\u00e9sentant toutes les conventions r\u00e9glement\u00e9es applicables<\/li>\n \t<li>308 | Pr\u00e9sence du rapport sur les r\u00e9mun\u00e9rations ex-post<\/li>\n \t<li>309 | Pr\u00e9sence d&rsquo;un \u00ab executive summary \u00bb synth\u00e9tisant la politique de r\u00e9mun\u00e9ration et les \u00e9l\u00e9ments permettant d&rsquo;appr\u00e9cier les r\u00e9mun\u00e9rations vers\u00e9es<\/li>\n \t<li>310 | Pr\u00e9sentation des conventions r\u00e9glement\u00e9es soumises au vote<\/li>\n \t<li>311 | Pr\u00e9sence du tableau AFEP-MEDEF sur les r\u00e9mun\u00e9rations<\/li>\n \t<li>312 | Pr\u00e9sentation des principaux \u00e9l\u00e9ments de r\u00e9mun\u00e9ration sous forme graphique<\/li>\n \t<li class=\"bulletBlue\">313 | Pr\u00e9sence des principaux \u00e9l\u00e9ments de r\u00e9mun\u00e9ration, fixe et variable, sur les 5 derniers exercices au minimum<\/li>\n \t<li>314 | Expos\u00e9 de la politique de r\u00e9mun\u00e9ration<\/li>\n \t<li>315 | Pr\u00e9sence d&rsquo;une r\u00e9solution par dirigeant mandataire social pour la pr\u00e9sentation des \u00e9l\u00e9ments de r\u00e9mun\u00e9ration soumis au vote ex ante<\/li>\n<\/ul>\t\t\t\t\t\t\t\t<\/div>\n\t\t\t\t<\/div>\n\t\t\t\t\t<\/div>\n\t\t\t\t<\/div>\n\t\t\t\t\t<\/details>\n\t\t\t\t\t\t<details id=\"e-n-accordion-item-2356\" class=\"e-n-accordion-item\" >\n\t\t\t\t<summary class=\"e-n-accordion-item-title\" data-accordion-index=\"7\" tabindex=\"-1\" aria-expanded=\"false\" aria-controls=\"e-n-accordion-item-2356\" >\n\t\t\t\t\t<span class='e-n-accordion-item-title-header'><h3 class=\"e-n-accordion-item-title-text\"> Crit\u00e8res autres  <\/h3><\/span>\n\t\t\t\t\t\t\t<span class='e-n-accordion-item-title-icon'>\n\t\t\t<span class='e-opened' ><i aria-hidden=\"true\" class=\"far fa-arrow-up\"><\/i><\/span>\n\t\t\t<span class='e-closed'><i aria-hidden=\"true\" class=\"far fa-arrow-down\"><\/i><\/span>\n\t\t<\/span>\n\n\t\t\t\t\t\t<\/summary>\n\t\t\t\t<div role=\"region\" aria-labelledby=\"e-n-accordion-item-2356\" class=\"elementor-element elementor-element-82f19ff e-flex e-con-boxed e-con e-child\" data-id=\"82f19ff\" data-element_type=\"container\" data-e-type=\"container\">\n\t\t\t\t\t<div class=\"e-con-inner\">\n\t\t<div role=\"region\" aria-labelledby=\"e-n-accordion-item-2356\" class=\"elementor-element elementor-element-c5b35a9 e-con-full e-flex e-con e-child\" data-id=\"c5b35a9\" data-element_type=\"container\" data-e-type=\"container\">\n\t\t\t\t<div class=\"elementor-element elementor-element-d0e4112 elementor-widget elementor-widget-text-editor\" data-id=\"d0e4112\" data-element_type=\"widget\" data-e-type=\"widget\" data-widget_type=\"text-editor.default\">\n\t\t\t\t\t\t\t\t\t<ul class=\"list-colors\">\n  <li>316 | Ecart minimum entre la date de l&rsquo;avis de r\u00e9union au BALO et l&rsquo;AG<\/li>\n  <li>317 | Ecart maximum entre la cl\u00f4ture de l&rsquo;exercice et l&rsquo;AG<\/li>\n<\/ul>\n\t\t\t\t\t\t\t\t<\/div>\n\t\t\t\t<\/div>\n\t\t\t\t\t<\/div>\n\t\t\t\t<\/div>\n\t\t\t\t\t<\/details>\n\t\t\t\t\t\t<details id=\"e-n-accordion-item-2357\" class=\"e-n-accordion-item\" >\n\t\t\t\t<summary class=\"e-n-accordion-item-title\" data-accordion-index=\"8\" tabindex=\"-1\" aria-expanded=\"false\" aria-controls=\"e-n-accordion-item-2357\" >\n\t\t\t\t\t<span class='e-n-accordion-item-title-header'><h3 class=\"e-n-accordion-item-title-text\"> Crit\u00e8res de langage clair  <\/h3><\/span>\n\t\t\t\t\t\t\t<span class='e-n-accordion-item-title-icon'>\n\t\t\t<span class='e-opened' ><i aria-hidden=\"true\" class=\"far fa-arrow-up\"><\/i><\/span>\n\t\t\t<span class='e-closed'><i aria-hidden=\"true\" class=\"far fa-arrow-down\"><\/i><\/span>\n\t\t<\/span>\n\n\t\t\t\t\t\t<\/summary>\n\t\t\t\t<div role=\"region\" aria-labelledby=\"e-n-accordion-item-2357\" class=\"elementor-element elementor-element-89b5728 e-flex e-con-boxed e-con e-child\" data-id=\"89b5728\" data-element_type=\"container\" data-e-type=\"container\">\n\t\t\t\t\t<div class=\"e-con-inner\">\n\t\t<div role=\"region\" aria-labelledby=\"e-n-accordion-item-2357\" class=\"elementor-element elementor-element-08e0118 e-con-full e-flex e-con e-child\" data-id=\"08e0118\" data-element_type=\"container\" data-e-type=\"container\">\n\t\t\t\t<div class=\"elementor-element elementor-element-a26b5a4 elementor-widget elementor-widget-text-editor\" data-id=\"a26b5a4\" data-element_type=\"widget\" data-e-type=\"widget\" data-widget_type=\"text-editor.default\">\n\t\t\t\t\t\t\t\t\t<ul class=\"list-colors\">\n  <li>318 | Moins de 20 mots par phrase<\/li>\n  <li>319 | Plus de 98% des phrases \u00e0 la forme active<\/li>\n  <li>320 | Plus de 98% des phrases \u00e0 la forme affirmative<\/li>\n  <li>321 | Maximum 20% de phrases complexes<\/li>\n  <li>322 | Pas plus de 1% de phrases non-verbales<\/li>\n  <li>323 | Pas plus de 15% de phrases avec des parenth\u00e8ses<\/li>\n  <li>324 | Moins de 7% d&rsquo;adjectifs<\/li>\n  <li>325 | Moins de 2% d&rsquo;adverbes<\/li>\n  <li>326 | Moins de 0,5% de latinismes, anglicismes, mots anglais<\/li>\n  <li>327 | Moins de 0,5% de mots soutenus, \u00e9labor\u00e9s, vieillis<\/li>\n  <li>328 | Pas plus de 80 mots par paragraphes<\/li>\n  <li>329 | Pas plus de 4 paragraphes apr\u00e8s un sous-titre\/intertitre<\/li>\n  <li>330 | Au moins 25% des titres comportent un verbe<\/li>\n  <li>331 | Moins de 20 mots par puce<\/li>\n<\/ul>\n\t\t\t\t\t\t\t\t<\/div>\n\t\t\t\t<\/div>\n\t\t\t\t\t<\/div>\n\t\t\t\t<\/div>\n\t\t\t\t\t<\/details>\n\t\t\t\t\t<\/div>\n\t\t\t\t\t\t<\/div>\n\t\t\t\t<div class=\"elementor-element elementor-element-601ec86 elementor-widget elementor-widget-heading\" data-id=\"601ec86\" data-element_type=\"widget\" data-e-type=\"widget\" data-widget_type=\"heading.default\">\n\t\t\t\t\t<h3 class=\"elementor-heading-title elementor-size-default\">Assembl\u00e9e G\u00e9n\u00e9rale<\/h3>\t\t\t\t<\/div>\n\t\t\t\t<div class=\"elementor-element elementor-element-66c6c0c elementor-widget elementor-widget-n-accordion\" data-id=\"66c6c0c\" data-element_type=\"widget\" data-e-type=\"widget\" data-settings=\"{&quot;default_state&quot;:&quot;all_collapsed&quot;,&quot;max_items_expended&quot;:&quot;one&quot;,&quot;n_accordion_animation_duration&quot;:{&quot;unit&quot;:&quot;ms&quot;,&quot;size&quot;:400,&quot;sizes&quot;:[]}}\" data-widget_type=\"nested-accordion.default\">\n\t\t\t\t\t\t\t<div class=\"e-n-accordion\" aria-label=\"Accordion. Open links with Enter or Space, close with Escape, and navigate with Arrow Keys\">\n\t\t\t\t\t\t<details id=\"e-n-accordion-item-1070\" class=\"e-n-accordion-item\" >\n\t\t\t\t<summary class=\"e-n-accordion-item-title\" data-accordion-index=\"1\" tabindex=\"0\" aria-expanded=\"false\" aria-controls=\"e-n-accordion-item-1070\" >\n\t\t\t\t\t<span class='e-n-accordion-item-title-header'><h3 class=\"e-n-accordion-item-title-text\"> Crit\u00e8res d'organisation <\/h3><\/span>\n\t\t\t\t\t\t\t<span class='e-n-accordion-item-title-icon'>\n\t\t\t<span class='e-opened' ><i aria-hidden=\"true\" class=\"far fa-arrow-up\"><\/i><\/span>\n\t\t\t<span class='e-closed'><i aria-hidden=\"true\" class=\"far fa-arrow-down\"><\/i><\/span>\n\t\t<\/span>\n\n\t\t\t\t\t\t<\/summary>\n\t\t\t\t<div role=\"region\" aria-labelledby=\"e-n-accordion-item-1070\" class=\"elementor-element elementor-element-98efc13 e-flex e-con-boxed e-con e-child\" data-id=\"98efc13\" data-element_type=\"container\" data-e-type=\"container\">\n\t\t\t\t\t<div class=\"e-con-inner\">\n\t\t<div role=\"region\" aria-labelledby=\"e-n-accordion-item-1070\" class=\"elementor-element elementor-element-fc8a7c0 e-con-full e-flex e-con e-child\" data-id=\"fc8a7c0\" data-element_type=\"container\" data-e-type=\"container\">\n\t\t\t\t<div class=\"elementor-element elementor-element-81c5cbc elementor-widget elementor-widget-text-editor\" data-id=\"81c5cbc\" data-element_type=\"widget\" data-e-type=\"widget\" data-widget_type=\"text-editor.default\">\n\t\t\t\t\t\t\t\t\t<ul class=\"list-colors\">\n  <li>332 | Acc\u00e8s possible en transport en commun au lieu de tenue de l&rsquo;Assembl\u00e9e g\u00e9n\u00e9rale<\/li>\n  <li>333 | Heure de tenue de l&rsquo;AG \u00e0 un horaire accessible aux actifs comme aux inactifs (\u00e0 partir de 17h00)<\/li>\n  <li>334 | Possibilit\u00e9 d&rsquo;adresser les questions \u00e9crites par e-mail<\/li>\n  <li>335 | D\u00e9lai de prise en consid\u00e9ration des questions \u00e9crites envoy\u00e9es par correspondance ou via internet jusqu&rsquo;\u00e0 48 heures avant l&rsquo;AG<\/li>\n  <li>336 | D\u00e9lai de prise en compte des votes par correspondance jusqu&rsquo;\u00e0 4 jours avant l&rsquo;AG et jusqu&rsquo;\u00e0 la veille de l&rsquo;AG pour les votes par internet<\/li>\n<\/ul>\n\t\t\t\t\t\t\t\t<\/div>\n\t\t\t\t<\/div>\n\t\t\t\t\t<\/div>\n\t\t\t\t<\/div>\n\t\t\t\t\t<\/details>\n\t\t\t\t\t\t<details id=\"e-n-accordion-item-1071\" class=\"e-n-accordion-item\" >\n\t\t\t\t<summary class=\"e-n-accordion-item-title\" data-accordion-index=\"2\" tabindex=\"-1\" aria-expanded=\"false\" aria-controls=\"e-n-accordion-item-1071\" >\n\t\t\t\t\t<span class='e-n-accordion-item-title-header'><h3 class=\"e-n-accordion-item-title-text\"> Crit\u00e8res de d\u00e9roul\u00e9 <\/h3><\/span>\n\t\t\t\t\t\t\t<span class='e-n-accordion-item-title-icon'>\n\t\t\t<span class='e-opened' ><i aria-hidden=\"true\" class=\"far fa-arrow-up\"><\/i><\/span>\n\t\t\t<span class='e-closed'><i aria-hidden=\"true\" class=\"far fa-arrow-down\"><\/i><\/span>\n\t\t<\/span>\n\n\t\t\t\t\t\t<\/summary>\n\t\t\t\t<div role=\"region\" aria-labelledby=\"e-n-accordion-item-1071\" class=\"elementor-element elementor-element-4b31a46 e-flex e-con-boxed e-con e-child\" data-id=\"4b31a46\" data-element_type=\"container\" data-e-type=\"container\">\n\t\t\t\t\t<div class=\"e-con-inner\">\n\t\t<div role=\"region\" aria-labelledby=\"e-n-accordion-item-1071\" class=\"elementor-element elementor-element-ecf5a44 e-con-full e-flex e-con e-child\" data-id=\"ecf5a44\" data-element_type=\"container\" data-e-type=\"container\">\n\t\t\t\t<div class=\"elementor-element elementor-element-f19f1aa elementor-widget elementor-widget-text-editor\" data-id=\"f19f1aa\" data-element_type=\"widget\" data-e-type=\"widget\" data-widget_type=\"text-editor.default\">\n\t\t\t\t\t\t\t\t\t<ul class=\"list-colors\">\n \t<li>337 | Possibilit\u00e9 de poser des questions \u00e0 distance et en direct pendant l&rsquo;AG<\/li>\n \t<li>338 | Pr\u00e9sence des administrateurs nomm\u00e9s ou \u00e0 renouveler lors de l&rsquo;Assembl\u00e9e g\u00e9n\u00e9rale et prise de parole orale (en pr\u00e9sentiel ou via une vid\u00e9o)<\/li>\n \t<li>339 | Pr\u00e9sence \u00e0 l&rsquo;AG des administrateurs, ou, <em>a minima<\/em> des pr\u00e9sidents des Comit\u00e9s du conseil et\/ou de l&rsquo;administrateur r\u00e9f\u00e9rent<\/li>\n \t<li>340 | Intervention d&rsquo;un, ou des, salari\u00e9(s) de l&rsquo;entreprise (sous forme de vid\u00e9o ou en pr\u00e9sentiel) au cours de l&rsquo;AG<\/li>\n \t<li>341 | Pr\u00e9sentation p\u00e9dagogique des r\u00e9solutions, ou ensemble de r\u00e9solutions, avant le vote de la\/des r\u00e9solution(s)<\/li>\n<\/ul>\n\t\t\t\t\t\t\t\t<\/div>\n\t\t\t\t<\/div>\n\t\t\t\t\t<\/div>\n\t\t\t\t<\/div>\n\t\t\t\t\t<\/details>\n\t\t\t\t\t\t<details id=\"e-n-accordion-item-1072\" class=\"e-n-accordion-item\" >\n\t\t\t\t<summary class=\"e-n-accordion-item-title\" data-accordion-index=\"3\" tabindex=\"-1\" aria-expanded=\"false\" aria-controls=\"e-n-accordion-item-1072\" >\n\t\t\t\t\t<span class='e-n-accordion-item-title-header'><h3 class=\"e-n-accordion-item-title-text\"> Crit\u00e8res de slides Assembl\u00e9e G\u00e9n\u00e9rale <\/h3><\/span>\n\t\t\t\t\t\t\t<span class='e-n-accordion-item-title-icon'>\n\t\t\t<span class='e-opened' ><i aria-hidden=\"true\" class=\"far fa-arrow-up\"><\/i><\/span>\n\t\t\t<span class='e-closed'><i aria-hidden=\"true\" class=\"far fa-arrow-down\"><\/i><\/span>\n\t\t<\/span>\n\n\t\t\t\t\t\t<\/summary>\n\t\t\t\t<div role=\"region\" aria-labelledby=\"e-n-accordion-item-1072\" class=\"elementor-element elementor-element-5936ae8 e-flex e-con-boxed e-con e-child\" data-id=\"5936ae8\" data-element_type=\"container\" data-e-type=\"container\">\n\t\t\t\t\t<div class=\"e-con-inner\">\n\t\t<div role=\"region\" aria-labelledby=\"e-n-accordion-item-1072\" class=\"elementor-element elementor-element-7f2abba e-con-full e-flex e-con e-child\" data-id=\"7f2abba\" data-element_type=\"container\" data-e-type=\"container\">\n\t\t\t\t<div class=\"elementor-element elementor-element-dd73d9f elementor-widget elementor-widget-text-editor\" data-id=\"dd73d9f\" data-element_type=\"widget\" data-e-type=\"widget\" data-widget_type=\"text-editor.default\">\n\t\t\t\t\t\t\t\t\t<ul class=\"list-colors\">\n  <li>342 | Partie consacr\u00e9e \u00e0 la strat\u00e9gie et aux perspectives de l&rsquo;entreprise dans les slides pr\u00e9sent\u00e9es \u00e0 l&rsquo;AG<\/li>\n  <li>343 | Pr\u00e9sence dans la pr\u00e9sentation \u00e0 l&rsquo;AG de slides consacr\u00e9es \u00e0 la strat\u00e9gie climatique \/ d\u00e9veloppement durable de l&rsquo;entreprise<\/li>\n  <li>344 | Pr\u00e9sence dans la pr\u00e9sentation \u00e0 l&rsquo;AG d&rsquo;au moins 5 infographies<\/li>\n<\/ul>\n\t\t\t\t\t\t\t\t<\/div>\n\t\t\t\t<\/div>\n\t\t\t\t\t<\/div>\n\t\t\t\t<\/div>\n\t\t\t\t\t<\/details>\n\t\t\t\t\t\t<details id=\"e-n-accordion-item-1073\" class=\"e-n-accordion-item\" >\n\t\t\t\t<summary class=\"e-n-accordion-item-title\" data-accordion-index=\"4\" tabindex=\"-1\" aria-expanded=\"false\" aria-controls=\"e-n-accordion-item-1073\" >\n\t\t\t\t\t<span class='e-n-accordion-item-title-header'><h3 class=\"e-n-accordion-item-title-text\"> Crit\u00e8res de dialogue actionnarial <\/h3><\/span>\n\t\t\t\t\t\t\t<span class='e-n-accordion-item-title-icon'>\n\t\t\t<span class='e-opened' ><i aria-hidden=\"true\" class=\"far fa-arrow-up\"><\/i><\/span>\n\t\t\t<span class='e-closed'><i aria-hidden=\"true\" class=\"far fa-arrow-down\"><\/i><\/span>\n\t\t<\/span>\n\n\t\t\t\t\t\t<\/summary>\n\t\t\t\t<div role=\"region\" aria-labelledby=\"e-n-accordion-item-1073\" class=\"elementor-element elementor-element-db3f9cf e-flex e-con-boxed e-con e-child\" data-id=\"db3f9cf\" data-element_type=\"container\" data-e-type=\"container\">\n\t\t\t\t\t<div class=\"e-con-inner\">\n\t\t<div role=\"region\" aria-labelledby=\"e-n-accordion-item-1073\" class=\"elementor-element elementor-element-64e2c0c e-con-full e-flex e-con e-child\" data-id=\"64e2c0c\" data-element_type=\"container\" data-e-type=\"container\">\n\t\t\t\t<div class=\"elementor-element elementor-element-e60502b elementor-widget elementor-widget-text-editor\" data-id=\"e60502b\" data-element_type=\"widget\" data-e-type=\"widget\" data-widget_type=\"text-editor.default\">\n\t\t\t\t\t\t\t\t\t<ul class=\"list-colors\">\n  <li>345 | Pr\u00e9sence d&rsquo;\u00e9v\u00e9nements\/r\u00e9unions d\u00e9di\u00e9s aux actionnaires individuels en dehors de l&rsquo;AG<\/li>\n  <li>346 | Proposition d&rsquo;un questionnaire de satisfaction (accueil, contenu, explications, r\u00e9ponses&#8230;) \u00e0 l&rsquo;issue de la tenue de l&rsquo;AG (disponible \u00e9galement sur le site pour ceux qui visionnent l&rsquo;AG)<\/li>\n  <li>347 | Documents disponibles dans une version e-accessible<\/li>\n  <li>348 | Pr\u00e9sence d&rsquo;une lettre aux actionnaires<\/li>\n  <li>349 | Temps consacr\u00e9 \u00e0 l&rsquo;\u00e9change avec les actionnaires (questions\/r\u00e9ponses) sup\u00e9rieur ou \u00e9gal \u00e0 25% du temps global de l&rsquo;AG<\/li>\n<\/ul>\n\t\t\t\t\t\t\t\t<\/div>\n\t\t\t\t<\/div>\n\t\t\t\t\t<\/div>\n\t\t\t\t<\/div>\n\t\t\t\t\t<\/details>\n\t\t\t\t\t\t<details id=\"e-n-accordion-item-1074\" class=\"e-n-accordion-item\" >\n\t\t\t\t<summary class=\"e-n-accordion-item-title\" data-accordion-index=\"5\" tabindex=\"-1\" aria-expanded=\"false\" aria-controls=\"e-n-accordion-item-1074\" >\n\t\t\t\t\t<span class='e-n-accordion-item-title-header'><h3 class=\"e-n-accordion-item-title-text\"> Crit\u00e8res de rubrique actionnaires <\/h3><\/span>\n\t\t\t\t\t\t\t<span class='e-n-accordion-item-title-icon'>\n\t\t\t<span class='e-opened' ><i aria-hidden=\"true\" class=\"far fa-arrow-up\"><\/i><\/span>\n\t\t\t<span class='e-closed'><i aria-hidden=\"true\" class=\"far fa-arrow-down\"><\/i><\/span>\n\t\t<\/span>\n\n\t\t\t\t\t\t<\/summary>\n\t\t\t\t<div role=\"region\" aria-labelledby=\"e-n-accordion-item-1074\" class=\"elementor-element elementor-element-732d6be e-flex e-con-boxed e-con e-child\" data-id=\"732d6be\" data-element_type=\"container\" data-e-type=\"container\">\n\t\t\t\t\t<div class=\"e-con-inner\">\n\t\t<div role=\"region\" aria-labelledby=\"e-n-accordion-item-1074\" class=\"elementor-element elementor-element-0ed2d13 e-con-full e-flex e-con e-child\" data-id=\"0ed2d13\" data-element_type=\"container\" data-e-type=\"container\">\n\t\t\t\t<div class=\"elementor-element elementor-element-60404e3 elementor-widget elementor-widget-text-editor\" data-id=\"60404e3\" data-element_type=\"widget\" data-e-type=\"widget\" data-widget_type=\"text-editor.default\">\n\t\t\t\t\t\t\t\t\t<ul class=\"list-colors\">\n \t<li>350 | Versions fran\u00e7aise et anglaise disponibles pour tous les documents d&rsquo;Assembl\u00e9e g\u00e9n\u00e9rale mis \u00e0 disposition des actionnaires<\/li>\n \t<li>351 | Pr\u00e9sence sur le site internet de vid\u00e9os explicatives ou documents explicatifs des principales r\u00e9solutions soumises au vote<\/li>\n \t<li>352 | Pr\u00e9sence d&rsquo;un contact direct identifi\u00e9 ou d&rsquo;une adresse mail sp\u00e9cifique pour les actionnaires individuels<\/li>\n \t<li>353 | Pr\u00e9sence dans la rubrique actionnaires d&rsquo;un agenda avec a minima la pr\u00e9sence de la date d&rsquo;Assembl\u00e9e g\u00e9n\u00e9rale et de paiement du dividende<\/li>\n \t<li>354 | Pr\u00e9sence d&rsquo;une rubrique \u00ab actionnaires \u00bb d\u00e9di\u00e9e<\/li>\n \t<li>355 | Pr\u00e9sence sur la page d&rsquo;accueil AG, dans un document\/section sp\u00e9cifique, des modalit\u00e9s de tenue et de participation \u00e0 l&rsquo;AG<\/li>\n<\/ul>\t\t\t\t\t\t\t\t<\/div>\n\t\t\t\t<\/div>\n\t\t\t\t\t<\/div>\n\t\t\t\t<\/div>\n\t\t\t\t\t<\/details>\n\t\t\t\t\t\t<details id=\"e-n-accordion-item-1075\" class=\"e-n-accordion-item\" >\n\t\t\t\t<summary class=\"e-n-accordion-item-title\" data-accordion-index=\"6\" tabindex=\"-1\" aria-expanded=\"false\" aria-controls=\"e-n-accordion-item-1075\" >\n\t\t\t\t\t<span class='e-n-accordion-item-title-header'><h3 class=\"e-n-accordion-item-title-text\"> Crit\u00e8res de publications post-Assembl\u00e9e G\u00e9n\u00e9rale <\/h3><\/span>\n\t\t\t\t\t\t\t<span class='e-n-accordion-item-title-icon'>\n\t\t\t<span class='e-opened' ><i aria-hidden=\"true\" class=\"far fa-arrow-up\"><\/i><\/span>\n\t\t\t<span class='e-closed'><i aria-hidden=\"true\" class=\"far fa-arrow-down\"><\/i><\/span>\n\t\t<\/span>\n\n\t\t\t\t\t\t<\/summary>\n\t\t\t\t<div role=\"region\" aria-labelledby=\"e-n-accordion-item-1075\" class=\"elementor-element elementor-element-643a0e1 e-flex e-con-boxed e-con e-child\" data-id=\"643a0e1\" data-element_type=\"container\" data-e-type=\"container\">\n\t\t\t\t\t<div class=\"e-con-inner\">\n\t\t<div role=\"region\" aria-labelledby=\"e-n-accordion-item-1075\" class=\"elementor-element elementor-element-8dff2d1 e-con-full e-flex e-con e-child\" data-id=\"8dff2d1\" data-element_type=\"container\" data-e-type=\"container\">\n\t\t\t\t<div class=\"elementor-element elementor-element-820f0ad elementor-widget elementor-widget-text-editor\" data-id=\"820f0ad\" data-element_type=\"widget\" data-e-type=\"widget\" data-widget_type=\"text-editor.default\">\n\t\t\t\t\t\t\t\t\t<ul class=\"list-colors\">\n  <li>356 | Pr\u00e9cision des mentions \u00ab version int\u00e9grale \u00bb ou \u00ab version partielle \u00bb pour les replays de l&rsquo;AG mis \u00e0 disposition<\/li>\n  <li>357 | Replay de l&rsquo;AG int\u00e9grant la s\u00e9quence des Questions\/R\u00e9ponses dans son int\u00e9gralit\u00e9<\/li>\n  <li>358 | Pr\u00e9sence d&rsquo;un proc\u00e8s-verbal de l&rsquo;AG (transcript ou compte rendu synth\u00e9tique, hors communiqu\u00e9 de presse)<\/li>\n  <li>359 | Pr\u00e9sence des slides pr\u00e9sent\u00e9es \u00e0 l&rsquo;AG<\/li>\n  <li>360 | Questions \u00e9crites et orales ainsi que les r\u00e9ponses mises \u00e0 disposition sur le site internet dans un document\/section clairement identifi\u00e9e<\/li>\n<\/ul>\t\t\t\t\t\t\t\t<\/div>\n\t\t\t\t<\/div>\n\t\t\t\t\t<\/div>\n\t\t\t\t<\/div>\n\t\t\t\t\t<\/details>\n\t\t\t\t\t<\/div>\n\t\t\t\t\t\t<\/div>\n\t\t\t\t<\/div>\n\t\t\t\t\t<\/div>\n\t\t\t\t<\/div>\n\t\t\t\t<\/div>\n\t\t","protected":false},"excerpt":{"rendered":"<p>Crit\u00e8res des Transparency Awards Le r\u00e9f\u00e9rentiel pour \u00e9valuer la qualit\u00e9 de l\u2019information d&rsquo;entreprise Chaque ann\u00e9e, les Transparency Awards \u00e9valuent plus de 450 supports publi\u00e9s par les soci\u00e9t\u00e9s du SBF 120, \u00e0 partir d\u2019une m\u00e9thodologie fond\u00e9e sur plus de 350 crit\u00e8res objectifs. Ils sont devenus un rep\u00e8re pour mesurer la Transparence des entreprises fran\u00e7aises. Ces crit\u00e8res [&hellip;]<\/p>\n","protected":false},"author":35,"featured_media":0,"parent":0,"menu_order":0,"comment_status":"closed","ping_status":"closed","template":"","meta":{"_acf_changed":false,"content-type":"","inline_featured_image":false,"footnotes":""},"class_list":["post-17071","page","type-page","status-publish","hentry"],"acf":[],"yoast_head":"<!-- This site is optimized with the Yoast SEO plugin v27.4 - https:\/\/yoast.com\/product\/yoast-seo-wordpress\/ -->\n<title>Crit\u00e8res des Transparency Awards | Labrador Transparency<\/title>\n<meta name=\"description\" content=\"D\u00e9couvrez les 360 crit\u00e8res de Transparence utilis\u00e9s pour les Transparency Awards : un r\u00e9f\u00e9rentiel complet pour \u00e9valuer, comparer et am\u00e9liorer la qualit\u00e9 vos publications.\" \/>\n<meta name=\"robots\" content=\"noindex, nofollow\" \/>\n<meta property=\"og:locale\" content=\"fr_FR\" \/>\n<meta property=\"og:type\" content=\"article\" \/>\n<meta property=\"og:title\" content=\"Crit\u00e8res des Transparency Awards | Labrador Transparency\" \/>\n<meta property=\"og:description\" content=\"D\u00e9couvrez les 360 crit\u00e8res de Transparence utilis\u00e9s pour les Transparency Awards : un r\u00e9f\u00e9rentiel complet pour \u00e9valuer, comparer et am\u00e9liorer la qualit\u00e9 vos publications.\" \/>\n<meta property=\"og:url\" content=\"https:\/\/www.labrador-transparency.com\/fr\/criteres-transparency-awards\/\" \/>\n<meta property=\"og:site_name\" content=\"Labrador Transparency\" \/>\n<meta property=\"article:modified_time\" content=\"2026-03-10T08:24:04+00:00\" \/>\n<meta name=\"twitter:card\" content=\"summary_large_image\" \/>\n<meta name=\"twitter:label1\" content=\"Dur\u00e9e de lecture estim\u00e9e\" \/>\n\t<meta name=\"twitter:data1\" content=\"61 minutes\" \/>\n<script type=\"application\/ld+json\" class=\"yoast-schema-graph\">{\"@context\":\"https:\\\/\\\/schema.org\",\"@graph\":[{\"@type\":\"WebPage\",\"@id\":\"https:\\\/\\\/www.labrador-transparency.com\\\/fr\\\/criteres-transparency-awards\\\/\",\"url\":\"https:\\\/\\\/www.labrador-transparency.com\\\/fr\\\/criteres-transparency-awards\\\/\",\"name\":\"Crit\u00e8res des Transparency Awards | Labrador Transparency\",\"isPartOf\":{\"@id\":\"https:\\\/\\\/www.labrador-transparency.com\\\/fr\\\/#website\"},\"datePublished\":\"2025-10-10T17:40:09+00:00\",\"dateModified\":\"2026-03-10T08:24:04+00:00\",\"description\":\"D\u00e9couvrez les 360 crit\u00e8res de Transparence utilis\u00e9s pour les Transparency Awards : un r\u00e9f\u00e9rentiel complet pour \u00e9valuer, comparer et am\u00e9liorer la qualit\u00e9 vos publications.\",\"breadcrumb\":{\"@id\":\"https:\\\/\\\/www.labrador-transparency.com\\\/fr\\\/criteres-transparency-awards\\\/#breadcrumb\"},\"inLanguage\":\"fr-FR\",\"potentialAction\":[{\"@type\":\"ReadAction\",\"target\":[\"https:\\\/\\\/www.labrador-transparency.com\\\/fr\\\/criteres-transparency-awards\\\/\"]}]},{\"@type\":\"BreadcrumbList\",\"@id\":\"https:\\\/\\\/www.labrador-transparency.com\\\/fr\\\/criteres-transparency-awards\\\/#breadcrumb\",\"itemListElement\":[{\"@type\":\"ListItem\",\"position\":1,\"name\":\"Home\",\"item\":\"https:\\\/\\\/www.labrador-transparency.com\\\/fr\\\/\"},{\"@type\":\"ListItem\",\"position\":2,\"name\":\"Crit\u00e8res des Transparency Awards\"}]},{\"@type\":\"WebSite\",\"@id\":\"https:\\\/\\\/www.labrador-transparency.com\\\/fr\\\/#website\",\"url\":\"https:\\\/\\\/www.labrador-transparency.com\\\/fr\\\/\",\"name\":\"Labrador Transparency\",\"description\":\"\",\"publisher\":{\"@id\":\"https:\\\/\\\/www.labrador-transparency.com\\\/fr\\\/#organization\"},\"potentialAction\":[{\"@type\":\"SearchAction\",\"target\":{\"@type\":\"EntryPoint\",\"urlTemplate\":\"https:\\\/\\\/www.labrador-transparency.com\\\/fr\\\/?s={search_term_string}\"},\"query-input\":{\"@type\":\"PropertyValueSpecification\",\"valueRequired\":true,\"valueName\":\"search_term_string\"}}],\"inLanguage\":\"fr-FR\"},{\"@type\":\"Organization\",\"@id\":\"https:\\\/\\\/www.labrador-transparency.com\\\/fr\\\/#organization\",\"name\":\"Labrador\",\"url\":\"https:\\\/\\\/www.labrador-transparency.com\\\/fr\\\/\",\"logo\":{\"@type\":\"ImageObject\",\"inLanguage\":\"fr-FR\",\"@id\":\"https:\\\/\\\/www.labrador-transparency.com\\\/fr\\\/#\\\/schema\\\/logo\\\/image\\\/\",\"url\":\"https:\\\/\\\/www.labrador-transparency.com\\\/wp-content\\\/uploads\\\/2021\\\/11\\\/logo-r1.svg\",\"contentUrl\":\"https:\\\/\\\/www.labrador-transparency.com\\\/wp-content\\\/uploads\\\/2021\\\/11\\\/logo-r1.svg\",\"width\":304,\"height\":60,\"caption\":\"Labrador\"},\"image\":{\"@id\":\"https:\\\/\\\/www.labrador-transparency.com\\\/fr\\\/#\\\/schema\\\/logo\\\/image\\\/\"}}]}<\/script>\n<!-- \/ Yoast SEO plugin. -->","yoast_head_json":{"title":"Crit\u00e8res des Transparency Awards | Labrador Transparency","description":"D\u00e9couvrez les 360 crit\u00e8res de Transparence utilis\u00e9s pour les Transparency Awards : un r\u00e9f\u00e9rentiel complet pour \u00e9valuer, comparer et am\u00e9liorer la qualit\u00e9 vos publications.","robots":{"index":"noindex","follow":"nofollow"},"og_locale":"fr_FR","og_type":"article","og_title":"Crit\u00e8res des Transparency Awards | Labrador Transparency","og_description":"D\u00e9couvrez les 360 crit\u00e8res de Transparence utilis\u00e9s pour les Transparency Awards : un r\u00e9f\u00e9rentiel complet pour \u00e9valuer, comparer et am\u00e9liorer la qualit\u00e9 vos publications.","og_url":"https:\/\/www.labrador-transparency.com\/fr\/criteres-transparency-awards\/","og_site_name":"Labrador Transparency","article_modified_time":"2026-03-10T08:24:04+00:00","twitter_card":"summary_large_image","twitter_misc":{"Dur\u00e9e de lecture estim\u00e9e":"61 minutes"},"schema":{"@context":"https:\/\/schema.org","@graph":[{"@type":"WebPage","@id":"https:\/\/www.labrador-transparency.com\/fr\/criteres-transparency-awards\/","url":"https:\/\/www.labrador-transparency.com\/fr\/criteres-transparency-awards\/","name":"Crit\u00e8res des Transparency Awards | Labrador Transparency","isPartOf":{"@id":"https:\/\/www.labrador-transparency.com\/fr\/#website"},"datePublished":"2025-10-10T17:40:09+00:00","dateModified":"2026-03-10T08:24:04+00:00","description":"D\u00e9couvrez les 360 crit\u00e8res de Transparence utilis\u00e9s pour les Transparency Awards : un r\u00e9f\u00e9rentiel complet pour \u00e9valuer, comparer et am\u00e9liorer la qualit\u00e9 vos publications.","breadcrumb":{"@id":"https:\/\/www.labrador-transparency.com\/fr\/criteres-transparency-awards\/#breadcrumb"},"inLanguage":"fr-FR","potentialAction":[{"@type":"ReadAction","target":["https:\/\/www.labrador-transparency.com\/fr\/criteres-transparency-awards\/"]}]},{"@type":"BreadcrumbList","@id":"https:\/\/www.labrador-transparency.com\/fr\/criteres-transparency-awards\/#breadcrumb","itemListElement":[{"@type":"ListItem","position":1,"name":"Home","item":"https:\/\/www.labrador-transparency.com\/fr\/"},{"@type":"ListItem","position":2,"name":"Crit\u00e8res des Transparency Awards"}]},{"@type":"WebSite","@id":"https:\/\/www.labrador-transparency.com\/fr\/#website","url":"https:\/\/www.labrador-transparency.com\/fr\/","name":"Labrador Transparency","description":"","publisher":{"@id":"https:\/\/www.labrador-transparency.com\/fr\/#organization"},"potentialAction":[{"@type":"SearchAction","target":{"@type":"EntryPoint","urlTemplate":"https:\/\/www.labrador-transparency.com\/fr\/?s={search_term_string}"},"query-input":{"@type":"PropertyValueSpecification","valueRequired":true,"valueName":"search_term_string"}}],"inLanguage":"fr-FR"},{"@type":"Organization","@id":"https:\/\/www.labrador-transparency.com\/fr\/#organization","name":"Labrador","url":"https:\/\/www.labrador-transparency.com\/fr\/","logo":{"@type":"ImageObject","inLanguage":"fr-FR","@id":"https:\/\/www.labrador-transparency.com\/fr\/#\/schema\/logo\/image\/","url":"https:\/\/www.labrador-transparency.com\/wp-content\/uploads\/2021\/11\/logo-r1.svg","contentUrl":"https:\/\/www.labrador-transparency.com\/wp-content\/uploads\/2021\/11\/logo-r1.svg","width":304,"height":60,"caption":"Labrador"},"image":{"@id":"https:\/\/www.labrador-transparency.com\/fr\/#\/schema\/logo\/image\/"}}]}},"publishpress_future_action":{"enabled":false,"date":"2026-05-03 23:20:25","action":"change-status","newStatus":"draft","terms":[],"taxonomy":"translation_priority","extraData":[]},"publishpress_future_workflow_manual_trigger":{"enabledWorkflows":[]},"_links":{"self":[{"href":"https:\/\/www.labrador-transparency.com\/fr\/wp-json\/wp\/v2\/pages\/17071","targetHints":{"allow":["GET"]}}],"collection":[{"href":"https:\/\/www.labrador-transparency.com\/fr\/wp-json\/wp\/v2\/pages"}],"about":[{"href":"https:\/\/www.labrador-transparency.com\/fr\/wp-json\/wp\/v2\/types\/page"}],"author":[{"embeddable":true,"href":"https:\/\/www.labrador-transparency.com\/fr\/wp-json\/wp\/v2\/users\/35"}],"replies":[{"embeddable":true,"href":"https:\/\/www.labrador-transparency.com\/fr\/wp-json\/wp\/v2\/comments?post=17071"}],"version-history":[{"count":7,"href":"https:\/\/www.labrador-transparency.com\/fr\/wp-json\/wp\/v2\/pages\/17071\/revisions"}],"predecessor-version":[{"id":22817,"href":"https:\/\/www.labrador-transparency.com\/fr\/wp-json\/wp\/v2\/pages\/17071\/revisions\/22817"}],"wp:attachment":[{"href":"https:\/\/www.labrador-transparency.com\/fr\/wp-json\/wp\/v2\/media?parent=17071"}],"curies":[{"name":"wp","href":"https:\/\/api.w.org\/{rel}","templated":true}]}}